{"id":897,"date":"2021-04-30T02:21:11","date_gmt":"2021-04-30T02:21:11","guid":{"rendered":"https:\/\/www.soledadedeminas.mg.gov.br\/v1\/?page_id=897"},"modified":"2026-01-20T00:42:13","modified_gmt":"2026-01-20T00:42:13","slug":"decretos","status":"publish","type":"page","link":"https:\/\/www.soledadedeminas.mg.gov.br\/v1\/decretos\/","title":{"rendered":"Decretos"},"content":{"rendered":"<div class=\"fusion-fullwidth fullwidth-box fusion-builder-row-1 fusion-flex-container nonhundred-percent-fullwidth non-hundred-percent-height-scrolling\" style=\"background-color: rgba(255,255,255,0);background-position: center center;background-repeat: no-repeat;border-width: 0px 0px 0px 0px;border-color:#e2e2e2;border-style:solid;\" ><div class=\"fusion-builder-row fusion-row fusion-flex-align-items-flex-start\" style=\"max-width:1185.6px;margin-left: calc(-4% \/ 2 );margin-right: calc(-4% \/ 2 );\"><div class=\"fusion-layout-column fusion_builder_column fusion-builder-column-0 fusion_builder_column_1_1 1_1 fusion-flex-column\"><div class=\"fusion-column-wrapper fusion-flex-justify-content-flex-start fusion-content-layout-column\" style=\"background-position:left top;background-repeat:no-repeat;-webkit-background-size:cover;-moz-background-size:cover;-o-background-size:cover;background-size:cover;padding: 0px 0px 0px 0px;\"><div class=\"fusion-tabs fusion-tabs-1 classic horizontal-tabs icon-position-left\"><style type=\"text\/css\">.fusion-tabs.fusion-tabs-1 .nav-tabs li a.tab-link{border-top-color:#f9f9fb;background-color:#f9f9fb;}.fusion-tabs.fusion-tabs-1 .nav-tabs{background-color:#ffffff;}.fusion-tabs.fusion-tabs-1 .nav-tabs li.active a.tab-link,.fusion-tabs.fusion-tabs-1 .nav-tabs li.active a.tab-link:hover,.fusion-tabs.fusion-tabs-1 .nav-tabs li.active a.tab-link:focus{border-right-color:#ffffff;}.fusion-tabs.fusion-tabs-1 .nav-tabs li.active a.tab-link,.fusion-tabs.fusion-tabs-1 .nav-tabs li.active a.tab-link:hover,.fusion-tabs.fusion-tabs-1 .nav-tabs li.active a.tab-link:focus{background-color:#ffffff;}.fusion-tabs.fusion-tabs-1 .nav-tabs li a:hover{background-color:#ffffff;border-top-color:#ffffff;}.fusion-tabs.fusion-tabs-1 .tab-pane{background-color:#ffffff;}.fusion-tabs.fusion-tabs-1 .nav,.fusion-tabs.fusion-tabs-1 .nav-tabs,.fusion-tabs.fusion-tabs-1 .tab-content .tab-pane{border-color:#e2e2e2;}<\/style><div class=\"nav\"><ul class=\"nav-tabs nav-justified\" role=\"tablist\"><li class=\"active\"><a class=\"tab-link\" data-toggle=\"tab\" role=\"tab\" aria-controls=\"tab-62bd03292fc08068424\" aria-selected=\"true\" id=\"fusion-tab-2026\" href=\"#tab-62bd03292fc08068424\"><h4 class=\"fusion-tab-heading\"><i class=\"fontawesome-icon fa-folder fas\" aria-hidden=\"true\" style=\"font-size:16px;\"><\/i>2026<\/h4><\/a><\/li><li><a class=\"tab-link\" data-toggle=\"tab\" role=\"tab\" aria-controls=\"tab-c6b6d5e611b14062ee6\" aria-selected=\"false\" tabindex=\"-1\" id=\"fusion-tab-2025\" href=\"#tab-c6b6d5e611b14062ee6\"><h4 class=\"fusion-tab-heading\"><i class=\"fontawesome-icon fa-folder-open fas\" aria-hidden=\"true\" style=\"font-size:16px;\"><\/i>2025<\/h4><\/a><\/li><li><a class=\"tab-link\" data-toggle=\"tab\" role=\"tab\" aria-controls=\"tab-7a4645bf383cb8afad8\" aria-selected=\"false\" tabindex=\"-1\" id=\"fusion-tab-2024\" href=\"#tab-7a4645bf383cb8afad8\"><h4 class=\"fusion-tab-heading\"><i class=\"fontawesome-icon fa-folder-open fas\" aria-hidden=\"true\" style=\"font-size:16px;\"><\/i>2024<\/h4><\/a><\/li><li><a class=\"tab-link\" data-toggle=\"tab\" role=\"tab\" aria-controls=\"tab-e70ed047f3fd7b59d66\" aria-selected=\"false\" tabindex=\"-1\" id=\"fusion-tab-2023\" href=\"#tab-e70ed047f3fd7b59d66\"><h4 class=\"fusion-tab-heading\"><i class=\"fontawesome-icon fa-folder-open fas\" aria-hidden=\"true\" style=\"font-size:16px;\"><\/i>2023<\/h4><\/a><\/li><li><a class=\"tab-link\" data-toggle=\"tab\" role=\"tab\" aria-controls=\"tab-3226a690fcf3070a17d\" aria-selected=\"false\" tabindex=\"-1\" id=\"fusion-tab-2022\" href=\"#tab-3226a690fcf3070a17d\"><h4 class=\"fusion-tab-heading\"><i class=\"fontawesome-icon fa-folder-open fas\" aria-hidden=\"true\" style=\"font-size:16px;\"><\/i>2022<\/h4><\/a><\/li><li><a class=\"tab-link\" data-toggle=\"tab\" role=\"tab\" aria-controls=\"tab-8c822325c8c8a7c5a99\" aria-selected=\"false\" tabindex=\"-1\" id=\"fusion-tab-2021\" href=\"#tab-8c822325c8c8a7c5a99\"><h4 class=\"fusion-tab-heading\"><i class=\"fontawesome-icon fa-folder fas\" aria-hidden=\"true\" style=\"font-size:16px;\"><\/i>2021<\/h4><\/a><\/li><li><a class=\"tab-link\" data-toggle=\"tab\" role=\"tab\" aria-controls=\"tab-2ce19408a3214781576\" aria-selected=\"false\" tabindex=\"-1\" id=\"fusion-tab-2020\" href=\"#tab-2ce19408a3214781576\"><h4 class=\"fusion-tab-heading\"><i class=\"fontawesome-icon fa-folder fas\" aria-hidden=\"true\" style=\"font-size:16px;\"><\/i>2020<\/h4><\/a><\/li><li><a class=\"tab-link\" data-toggle=\"tab\" role=\"tab\" aria-controls=\"tab-683aab1bcfca38f7844\" aria-selected=\"false\" tabindex=\"-1\" id=\"fusion-tab-2019\" href=\"#tab-683aab1bcfca38f7844\"><h4 class=\"fusion-tab-heading\"><i class=\"fontawesome-icon fa-folder fas\" aria-hidden=\"true\" style=\"font-size:16px;\"><\/i>2019<\/h4><\/a><\/li><li><a class=\"tab-link\" data-toggle=\"tab\" role=\"tab\" aria-controls=\"tab-3d9fc8f7ec8a8c0ac2a\" aria-selected=\"false\" tabindex=\"-1\" id=\"fusion-tab-2018\" href=\"#tab-3d9fc8f7ec8a8c0ac2a\"><h4 class=\"fusion-tab-heading\"><i class=\"fontawesome-icon fa-folder fas\" aria-hidden=\"true\" style=\"font-size:16px;\"><\/i>2018<\/h4><\/a><\/li><\/ul><\/div><div class=\"tab-content\"><div class=\"nav fusion-mobile-tab-nav\"><ul class=\"nav-tabs nav-justified\"><li class=\"active\"><a class=\"tab-link\" data-toggle=\"tab\" role=\"tab\" aria-controls=\"tab-62bd03292fc08068424\" aria-selected=\"true\" id=\"mobile-fusion-tab-2026\" href=\"#tab-62bd03292fc08068424\"><h4 class=\"fusion-tab-heading\"><i class=\"fontawesome-icon fa-folder fas\" aria-hidden=\"true\" style=\"font-size:16px;\"><\/i>2026<\/h4><\/a><\/li><\/ul><\/div><div class=\"tab-pane fade fusion-clearfix in active\" role=\"tabpanel\" tabindex=\"0\" aria-labelledby=\"fusion-tab-2026\" id=\"tab-62bd03292fc08068424\">\n<script type='text\/javascript' src='https:\/\/www.soledadedeminas.mg.gov.br\/v1\/wp-includes\/js\/jquery\/jquery.js?ver=1.12.4-wp' id='jquery-core-js'><\/script>\n<script type='text\/javascript' src='https:\/\/www.soledadedeminas.mg.gov.br\/v1\/wp-content\/plugins\/WP-Filebase-master\/extras\/jquery\/dataTables\/datatables.min.js?ver=0.3.4.24' id='jquery-dataTables-js'><\/script>\n\r\n<link rel='stylesheet' id='jquery-dataTables-css'  href='https:\/\/www.soledadedeminas.mg.gov.br\/v1\/wp-content\/plugins\/WP-Filebase-master\/extras\/jquery\/dataTables\/datatables.min.css?ver=0.3.4.24' type='text\/css' media='all' \/>\n\r\n<table id=\"wpfb-data-table-69f383c688c2e\">\r\n<thead>\r\n\t<tr><th scope=\"col\">DOCUMENTOS PUBLICADOS<\/th><th scope=\"col\">ID<\/th><\/tr>\r\n<\/thead>\r\n<tbody><tr>\r\n<td bgcolor=\"#ffffff\">\r\n<br>\r\n<center><u><b><font color=black><a href=\"https:\/\/www.soledadedeminas.mg.gov.br\/v1\/download\/decretos_-_2026\/Decreto-3334-2026.PDF\">3334\/2026<\/font><\/a><\/center><\/u><\/b>\r\n<br>\r\n<font color=black><b>Descri\u00e7\u00e3o:<\/b><br> <p style=\"text-align: justify;\">Decreta Luto Oficial no Munic\u00edpio de Soledade de Minas\/MG em raz\u00e3o o falecimento da Sra. Martha Maria Veloso Arantes.<\/p><\/font><br><br>\r\n<font color=black><b>Downloads:<\/b>  4<\/font><br>\r\n<font color=black><b>Tamanho:<\/b>  281 KiB<\/font><br>\r\n<font color=black><b>Data da Publica\u00e7\u00e3o:<\/b> 17\/04\/2026<\/font><br>\r\n<a href=\"https:\/\/www.soledadedeminas.mg.gov.br\/v1\/download\/decretos_-_2026\/Decreto-3334-2026.PDF\"><b><center><font color=#0f70b7>Clique aqui para realizar o download (formato: pdf)<\/font><\/center><\/b><\/a><br>\r\n<center><img src=\"https:\/\/www.soledadedeminas.mg.gov.br\/v1\/wp-content\/uploads\/2021\/04\/divisor_4.png\"\/><\/center>\r\n<\/td>\r\n<td bgcolor=\"#0473aa\"><center><font color=\"white\">548<\/font><\/center><\/td>\r\n<\/tr><tr>\r\n<td bgcolor=\"#ffffff\">\r\n<br>\r\n<center><u><b><font color=black><a href=\"https:\/\/www.soledadedeminas.mg.gov.br\/v1\/download\/decretos_-_2026\/decreto_3318_2026.PDF\">3318\/2026<\/font><\/a><\/center><\/u><\/b>\r\n<br>\r\n<font color=black><b>Descri\u00e7\u00e3o:<\/b><br> <p style=\"text-align: justify;\">Disp\u00f5e sobre a comercializa\u00e7\u00e3o de bebidas e a proibi\u00e7\u00e3o de ultiliza\u00e7\u00e3o de som automotivo durante as festividades do S\u00e1bado de Aleluia e Domigo de P\u00e1scoa do Municipio de Soledade de Minas e d\u00e1 outras provid\u00eancias.<\/p><\/font><br><br>\r\n<font color=black><b>Downloads:<\/b>  75<\/font><br>\r\n<font color=black><b>Tamanho:<\/b>  240 KiB<\/font><br>\r\n<font color=black><b>Data da Publica\u00e7\u00e3o:<\/b> 18\/03\/2026<\/font><br>\r\n<a href=\"https:\/\/www.soledadedeminas.mg.gov.br\/v1\/download\/decretos_-_2026\/decreto_3318_2026.PDF\"><b><center><font color=#0f70b7>Clique aqui para realizar o download (formato: pdf)<\/font><\/center><\/b><\/a><br>\r\n<center><img src=\"https:\/\/www.soledadedeminas.mg.gov.br\/v1\/wp-content\/uploads\/2021\/04\/divisor_4.png\"\/><\/center>\r\n<\/td>\r\n<td bgcolor=\"#0473aa\"><center><font color=\"white\">541<\/font><\/center><\/td>\r\n<\/tr><tr>\r\n<td bgcolor=\"#ffffff\">\r\n<br>\r\n<center><u><b><font color=black><a href=\"https:\/\/www.soledadedeminas.mg.gov.br\/v1\/download\/decretos_-_2026\/decreto_3317_2026.pdf\">3317\/2026<\/font><\/a><\/center><\/u><\/b>\r\n<br>\r\n<font color=black><b>Descri\u00e7\u00e3o:<\/b><br> <p style=\"text-align: justify;\">Regulamenta a utiliza\u00e7\u00e3o do Espa\u00e7o P\u00fablico para a pra\u00e7a de alimenta\u00e7\u00e3o durante as festividades do S\u00e1bado de Aleluia e Dom\u00edndo de P\u00e1scoa do Munic\u00edpio.<\/p><\/font><br><br>\r\n<font color=black><b>Downloads:<\/b>  84<\/font><br>\r\n<font color=black><b>Tamanho:<\/b>  1.3 MiB<\/font><br>\r\n<font color=black><b>Data da Publica\u00e7\u00e3o:<\/b> 18\/03\/2026<\/font><br>\r\n<a href=\"https:\/\/www.soledadedeminas.mg.gov.br\/v1\/download\/decretos_-_2026\/decreto_3317_2026.pdf\"><b><center><font color=#0f70b7>Clique aqui para realizar o download (formato: pdf)<\/font><\/center><\/b><\/a><br>\r\n<center><img src=\"https:\/\/www.soledadedeminas.mg.gov.br\/v1\/wp-content\/uploads\/2021\/04\/divisor_4.png\"\/><\/center>\r\n<\/td>\r\n<td bgcolor=\"#0473aa\"><center><font color=\"white\">540<\/font><\/center><\/td>\r\n<\/tr><tr>\r\n<td bgcolor=\"#ffffff\">\r\n<br>\r\n<center><u><b><font color=black><a href=\"https:\/\/www.soledadedeminas.mg.gov.br\/v1\/download\/decretos_-_2026\/Decreto-3311..pdf\">3311\/2026<\/font><\/a><\/center><\/u><\/b>\r\n<br>\r\n<font color=black><b>Descri\u00e7\u00e3o:<\/b><br> Disp\u00f5e sobre a cria\u00e7\u00e3o da Comiss\u00e3o Organizadora da 4\u00aa Confer\u00eancia Municipal de Sa\u00fade de Soledade de Minas e d\u00e1 outras provid\u00eancias.<\/font><br><br>\r\n<font color=black><b>Downloads:<\/b>  49<\/font><br>\r\n<font color=black><b>Tamanho:<\/b>  681 KiB<\/font><br>\r\n<font color=black><b>Data da Publica\u00e7\u00e3o:<\/b> 21\/01\/2026<\/font><br>\r\n<a href=\"https:\/\/www.soledadedeminas.mg.gov.br\/v1\/download\/decretos_-_2026\/Decreto-3311..pdf\"><b><center><font color=#0f70b7>Clique aqui para realizar o download (formato: pdf)<\/font><\/center><\/b><\/a><br>\r\n<center><img src=\"https:\/\/www.soledadedeminas.mg.gov.br\/v1\/wp-content\/uploads\/2021\/04\/divisor_4.png\"\/><\/center>\r\n<\/td>\r\n<td bgcolor=\"#0473aa\"><center><font color=\"white\">500<\/font><\/center><\/td>\r\n<\/tr><tr>\r\n<td bgcolor=\"#ffffff\">\r\n<br>\r\n<center><u><b><font color=black><a href=\"https:\/\/www.soledadedeminas.mg.gov.br\/v1\/download\/decretos_-_2026\/3310_2026.PDF\">3310\/2026<\/font><\/a><\/center><\/u><\/b>\r\n<br>\r\n<font color=black><b>Descri\u00e7\u00e3o:<\/b><br> <p style=\"text-align: justify;\">Regulamenta a utiliza\u00e7\u00e3o do Espa\u00e7o P\u00fablico para a Pra\u00e7a de Alimenta\u00e7\u00e3o durante festividades de Carnaval 2026.<\/p><\/font><br><br>\r\n<font color=black><b>Downloads:<\/b>  143<\/font><br>\r\n<font color=black><b>Tamanho:<\/b>  1.0 MiB<\/font><br>\r\n<font color=black><b>Data da Publica\u00e7\u00e3o:<\/b> 20\/01\/2026<\/font><br>\r\n<a href=\"https:\/\/www.soledadedeminas.mg.gov.br\/v1\/download\/decretos_-_2026\/3310_2026.PDF\"><b><center><font color=#0f70b7>Clique aqui para realizar o download (formato: pdf)<\/font><\/center><\/b><\/a><br>\r\n<center><img src=\"https:\/\/www.soledadedeminas.mg.gov.br\/v1\/wp-content\/uploads\/2021\/04\/divisor_4.png\"\/><\/center>\r\n<\/td>\r\n<td bgcolor=\"#0473aa\"><center><font color=\"white\">497<\/font><\/center><\/td>\r\n<\/tr><tr>\r\n<td bgcolor=\"#ffffff\">\r\n<br>\r\n<center><u><b><font color=black><a href=\"https:\/\/www.soledadedeminas.mg.gov.br\/v1\/download\/decretos_-_2026\/3309_2026.PDF\">3309\/2026<\/font><\/a><\/center><\/u><\/b>\r\n<br>\r\n<font color=black><b>Descri\u00e7\u00e3o:<\/b><br> <p style=\"text-align: justify;\">Disp\u00f5e sobre a comercializa\u00e7\u00e3o de bebidas e a proibi\u00e7\u00e3o de utiliza\u00e7\u00e3o de som automotivo durante as festividades de Carnaval do Munic\u00edpio de Soledade de Minas e d\u00e1 outras provid\u00eancias.<\/p><\/font><br><br>\r\n<font color=black><b>Downloads:<\/b>  99<\/font><br>\r\n<font color=black><b>Tamanho:<\/b>  644 KiB<\/font><br>\r\n<font color=black><b>Data da Publica\u00e7\u00e3o:<\/b> 20\/01\/2026<\/font><br>\r\n<a href=\"https:\/\/www.soledadedeminas.mg.gov.br\/v1\/download\/decretos_-_2026\/3309_2026.PDF\"><b><center><font color=#0f70b7>Clique aqui para realizar o download (formato: pdf)<\/font><\/center><\/b><\/a><br>\r\n<center><img src=\"https:\/\/www.soledadedeminas.mg.gov.br\/v1\/wp-content\/uploads\/2021\/04\/divisor_4.png\"\/><\/center>\r\n<\/td>\r\n<td bgcolor=\"#0473aa\"><center><font color=\"white\">496<\/font><\/center><\/td>\r\n<\/tr><\/tbody>\r\n<\/table>\r\n<script type=\"text\/javascript\" charset=\"utf-8\">\r\n\tjQuery(document).ready(function() {\r\n\t\tjQuery('#wpfb-data-table-69f383c688c2e').dataTable((function(options){ var wpfbOptions = {\"aaSorting\":[[1,\"desc\"]]};  if('object' == typeof(options)) { for (var v in options) { wpfbOptions[v] = options[v]; } } return wpfbOptions; })());\r\n\t} );\r\n<\/script>\n<\/div><div class=\"nav fusion-mobile-tab-nav\"><ul class=\"nav-tabs nav-justified\"><li><a class=\"tab-link\" data-toggle=\"tab\" role=\"tab\" aria-controls=\"tab-c6b6d5e611b14062ee6\" aria-selected=\"false\" tabindex=\"-1\" id=\"mobile-fusion-tab-2025\" href=\"#tab-c6b6d5e611b14062ee6\"><h4 class=\"fusion-tab-heading\"><i class=\"fontawesome-icon fa-folder-open fas\" aria-hidden=\"true\" style=\"font-size:16px;\"><\/i>2025<\/h4><\/a><\/li><\/ul><\/div><div class=\"tab-pane fade fusion-clearfix\" role=\"tabpanel\" tabindex=\"0\" aria-labelledby=\"fusion-tab-2025\" id=\"tab-c6b6d5e611b14062ee6\">\n\r\n\r\n<table id=\"wpfb-data-table-69f383c68b3f0\">\r\n<thead>\r\n\t<tr><th scope=\"col\">DOCUMENTOS PUBLICADOS<\/th><th scope=\"col\">ID<\/th><\/tr>\r\n<\/thead>\r\n<tbody><tr>\r\n<td bgcolor=\"#ffffff\">\r\n<br>\r\n<center><u><b><font color=black><a href=\"https:\/\/www.soledadedeminas.mg.gov.br\/v1\/download\/decretos_-_2025\/3301_2025.PDF\">3301\/2025<\/font><\/a><\/center><\/u><\/b>\r\n<br>\r\n<font color=black><b>Descri\u00e7\u00e3o:<\/b><br> <p style=\"text-align: justify;\">Altera, excepcionalmente, o hor\u00e1rio de expediente dos servi\u00e7os administrativos da Prefeitura Municipal de Soledade de Minas \/ MG, nos dias 23 e 30 de dezembro de 2025, e d\u00e1 outras provid\u00eancias.<\/p><\/font><br><br>\r\n<font color=black><b>Downloads:<\/b>  17<\/font><br>\r\n<font color=black><b>Tamanho:<\/b>  395 KiB<\/font><br>\r\n<font color=black><b>Data da Publica\u00e7\u00e3o:<\/b> 22\/12\/2025<\/font><br>\r\n<a href=\"https:\/\/www.soledadedeminas.mg.gov.br\/v1\/download\/decretos_-_2025\/3301_2025.PDF\"><b><center><font color=#0f70b7>Clique aqui para realizar o download (formato: pdf)<\/font><\/center><\/b><\/a><br>\r\n<center><img src=\"https:\/\/www.soledadedeminas.mg.gov.br\/v1\/wp-content\/uploads\/2021\/04\/divisor_4.png\"\/><\/center>\r\n<\/td>\r\n<td bgcolor=\"#0473aa\"><center><font color=\"white\">489<\/font><\/center><\/td>\r\n<\/tr><tr>\r\n<td bgcolor=\"#ffffff\">\r\n<br>\r\n<center><u><b><font color=black><a href=\"https:\/\/www.soledadedeminas.mg.gov.br\/v1\/download\/decretos_-_2025\/decreto_3295_2025.pdf\">3295\/2025<\/font><\/a><\/center><\/u><\/b>\r\n<br>\r\n<font color=black><b>Descri\u00e7\u00e3o:<\/b><br> <p style=\"text-align: justify;\">Disp\u00f5e sobre a altera\u00e7\u00e3o excepcional na data de 19 de dezembro de 2025 do hor\u00e1rio de funcionamento e atendimento ao p\u00fablico no \u00e2mbito da Administra\u00e7\u00e3o P\u00fablica e d\u00e1 outras provid\u00eancias.<\/p><\/font><br><br>\r\n<font color=black><b>Downloads:<\/b>  20<\/font><br>\r\n<font color=black><b>Tamanho:<\/b>  396 KiB<\/font><br>\r\n<font color=black><b>Data da Publica\u00e7\u00e3o:<\/b> 19\/12\/2025<\/font><br>\r\n<a href=\"https:\/\/www.soledadedeminas.mg.gov.br\/v1\/download\/decretos_-_2025\/decreto_3295_2025.pdf\"><b><center><font color=#0f70b7>Clique aqui para realizar o download (formato: pdf)<\/font><\/center><\/b><\/a><br>\r\n<center><img src=\"https:\/\/www.soledadedeminas.mg.gov.br\/v1\/wp-content\/uploads\/2021\/04\/divisor_4.png\"\/><\/center>\r\n<\/td>\r\n<td bgcolor=\"#0473aa\"><center><font color=\"white\">488<\/font><\/center><\/td>\r\n<\/tr><tr>\r\n<td bgcolor=\"#ffffff\">\r\n<br>\r\n<center><u><b><font color=black><a href=\"https:\/\/www.soledadedeminas.mg.gov.br\/v1\/download\/decretos_-_2025\/3274_2025.PDF\">3274\/2025<\/font><\/a><\/center><\/u><\/b>\r\n<br>\r\n<font color=black><b>Descri\u00e7\u00e3o:<\/b><br> REGULAMENTA A UTILIZA\u00c7\u00c3O DO ESPA\u00c7O P\u00daBLICO PARA A PRA\u00c7A DE ALIMENTA\u00c7\u00c3O durante as FESTIVIDADES DE REVEILLON 2025<\/font><br><br>\r\n<font color=black><b>Downloads:<\/b>  65<\/font><br>\r\n<font color=black><b>Tamanho:<\/b>  836 KiB<\/font><br>\r\n<font color=black><b>Data da Publica\u00e7\u00e3o:<\/b> 19\/11\/2025<\/font><br>\r\n<a href=\"https:\/\/www.soledadedeminas.mg.gov.br\/v1\/download\/decretos_-_2025\/3274_2025.PDF\"><b><center><font color=#0f70b7>Clique aqui para realizar o download (formato: pdf)<\/font><\/center><\/b><\/a><br>\r\n<center><img src=\"https:\/\/www.soledadedeminas.mg.gov.br\/v1\/wp-content\/uploads\/2021\/04\/divisor_4.png\"\/><\/center>\r\n<\/td>\r\n<td bgcolor=\"#0473aa\"><center><font color=\"white\">479<\/font><\/center><\/td>\r\n<\/tr><tr>\r\n<td bgcolor=\"#ffffff\">\r\n<br>\r\n<center><u><b><font color=black><a href=\"https:\/\/www.soledadedeminas.mg.gov.br\/v1\/download\/decretos_-_2025\/3273_2025.PDF\">3273\/2025<\/font><\/a><\/center><\/u><\/b>\r\n<br>\r\n<font color=black><b>Descri\u00e7\u00e3o:<\/b><br> <p style=\"text-align: justify;\">Disp\u00f5e sobre a comercializa\u00e7\u00e3o de bebidas e a proibi\u00e7\u00e3o de ultiliza\u00e7\u00e3o de som automotivo durante as festividades de Reveillon do Municipio de Soledade de Minas e d\u00e1 outras providencias.<\/p><\/font><br><br>\r\n<font color=black><b>Downloads:<\/b>  58<\/font><br>\r\n<font color=black><b>Tamanho:<\/b>  689 KiB<\/font><br>\r\n<font color=black><b>Data da Publica\u00e7\u00e3o:<\/b> 19\/11\/2025<\/font><br>\r\n<a href=\"https:\/\/www.soledadedeminas.mg.gov.br\/v1\/download\/decretos_-_2025\/3273_2025.PDF\"><b><center><font color=#0f70b7>Clique aqui para realizar o download (formato: pdf)<\/font><\/center><\/b><\/a><br>\r\n<center><img src=\"https:\/\/www.soledadedeminas.mg.gov.br\/v1\/wp-content\/uploads\/2021\/04\/divisor_4.png\"\/><\/center>\r\n<\/td>\r\n<td bgcolor=\"#0473aa\"><center><font color=\"white\">478<\/font><\/center><\/td>\r\n<\/tr><tr>\r\n<td bgcolor=\"#ffffff\">\r\n<br>\r\n<center><u><b><font color=black><a href=\"https:\/\/www.soledadedeminas.mg.gov.br\/v1\/download\/decretos_-_2025\/3272_2025.PDF\">3272\/2025<\/font><\/a><\/center><\/u><\/b>\r\n<br>\r\n<font color=black><b>Descri\u00e7\u00e3o:<\/b><br> <p style=\"text-align: justify;\">REGULAMENTA A UTILIZA\u00c7\u00c3O DO ESPA\u00c7O P\u00daBLICO PARA A PRA\u00c7A DE ALIMENTA\u00c7\u00c3O durante as FESTIVIDADES DE NATAL 2025.<\/p><\/font><br><br>\r\n<font color=black><b>Downloads:<\/b>  55<\/font><br>\r\n<font color=black><b>Tamanho:<\/b>  838 KiB<\/font><br>\r\n<font color=black><b>Data da Publica\u00e7\u00e3o:<\/b> 19\/11\/2025<\/font><br>\r\n<a href=\"https:\/\/www.soledadedeminas.mg.gov.br\/v1\/download\/decretos_-_2025\/3272_2025.PDF\"><b><center><font color=#0f70b7>Clique aqui para realizar o download (formato: pdf)<\/font><\/center><\/b><\/a><br>\r\n<center><img src=\"https:\/\/www.soledadedeminas.mg.gov.br\/v1\/wp-content\/uploads\/2021\/04\/divisor_4.png\"\/><\/center>\r\n<\/td>\r\n<td bgcolor=\"#0473aa\"><center><font color=\"white\">477<\/font><\/center><\/td>\r\n<\/tr><tr>\r\n<td bgcolor=\"#ffffff\">\r\n<br>\r\n<center><u><b><font color=black><a href=\"https:\/\/www.soledadedeminas.mg.gov.br\/v1\/download\/decretos_-_2025\/decreto_3252_2025.PDF\">3252\/2025<\/font><\/a><\/center><\/u><\/b>\r\n<br>\r\n<font color=black><b>Descri\u00e7\u00e3o:<\/b><br> Declara Situa\u00e7\u00e3o de Emerg\u00eancia no Pa\u00e7o Municipal de Soledade de Minas e d\u00e1 outras providencias.<\/font><br><br>\r\n<font color=black><b>Downloads:<\/b>  55<\/font><br>\r\n<font color=black><b>Tamanho:<\/b>  657 KiB<\/font><br>\r\n<font color=black><b>Data da Publica\u00e7\u00e3o:<\/b> 10\/10\/2025<\/font><br>\r\n<a href=\"https:\/\/www.soledadedeminas.mg.gov.br\/v1\/download\/decretos_-_2025\/decreto_3252_2025.PDF\"><b><center><font color=#0f70b7>Clique aqui para realizar o download (formato: pdf)<\/font><\/center><\/b><\/a><br>\r\n<center><img src=\"https:\/\/www.soledadedeminas.mg.gov.br\/v1\/wp-content\/uploads\/2021\/04\/divisor_4.png\"\/><\/center>\r\n<\/td>\r\n<td bgcolor=\"#0473aa\"><center><font color=\"white\">468<\/font><\/center><\/td>\r\n<\/tr><tr>\r\n<td bgcolor=\"#ffffff\">\r\n<br>\r\n<center><u><b><font color=black><a href=\"https:\/\/www.soledadedeminas.mg.gov.br\/v1\/download\/decretos_-_2025\/SCAN0001.PDF\">3237\/2025<\/font><\/a><\/center><\/u><\/b>\r\n<br>\r\n<font color=black><b>Descri\u00e7\u00e3o:<\/b><br> <p style=\"text-align: justify;\">Disp\u00f5e sobre a comercializa\u00e7\u00e3o de bebidas e a proibi\u00e7\u00e3o de ultiliza\u00e7\u00e3o de som automotivo durante as festividades da XXX EPROSOL do Municipio de Soledade de Minas e d\u00e1 outras providencias.<\/p><\/font><br><br>\r\n<font color=black><b>Downloads:<\/b>  123<\/font><br>\r\n<font color=black><b>Tamanho:<\/b>  711 KiB<\/font><br>\r\n<font color=black><b>Data da Publica\u00e7\u00e3o:<\/b> 04\/09\/2025<\/font><br>\r\n<a href=\"https:\/\/www.soledadedeminas.mg.gov.br\/v1\/download\/decretos_-_2025\/SCAN0001.PDF\"><b><center><font color=#0f70b7>Clique aqui para realizar o download (formato: pdf)<\/font><\/center><\/b><\/a><br>\r\n<center><img src=\"https:\/\/www.soledadedeminas.mg.gov.br\/v1\/wp-content\/uploads\/2021\/04\/divisor_4.png\"\/><\/center>\r\n<\/td>\r\n<td bgcolor=\"#0473aa\"><center><font color=\"white\">455<\/font><\/center><\/td>\r\n<\/tr><tr>\r\n<td bgcolor=\"#ffffff\">\r\n<br>\r\n<center><u><b><font color=black><a href=\"https:\/\/www.soledadedeminas.mg.gov.br\/v1\/download\/decretos_-_2025\/SCAN0002.PDF\">3235\/2025<\/font><\/a><\/center><\/u><\/b>\r\n<br>\r\n<font color=black><b>Descri\u00e7\u00e3o:<\/b><br> <p style=\"text-align: justify;\">REGULAMENTA A UTILIZA\u00c7\u00c3O DO ESPA\u00c7O P\u00daBLICO PARA A PRA\u00c7A DE ALIMENTA\u00c7\u00c3O E PARQUES NA XXX EPROSOL DE 24 A 28 DE SETEMBRO DE 2025.<\/p><\/font><br><br>\r\n<font color=black><b>Downloads:<\/b>  50<\/font><br>\r\n<font color=black><b>Tamanho:<\/b>  1.1 MiB<\/font><br>\r\n<font color=black><b>Data da Publica\u00e7\u00e3o:<\/b> 04\/09\/2025<\/font><br>\r\n<a href=\"https:\/\/www.soledadedeminas.mg.gov.br\/v1\/download\/decretos_-_2025\/SCAN0002.PDF\"><b><center><font color=#0f70b7>Clique aqui para realizar o download (formato: pdf)<\/font><\/center><\/b><\/a><br>\r\n<center><img src=\"https:\/\/www.soledadedeminas.mg.gov.br\/v1\/wp-content\/uploads\/2021\/04\/divisor_4.png\"\/><\/center>\r\n<\/td>\r\n<td bgcolor=\"#0473aa\"><center><font color=\"white\">454<\/font><\/center><\/td>\r\n<\/tr><tr>\r\n<td bgcolor=\"#ffffff\">\r\n<br>\r\n<center><u><b><font color=black><a href=\"https:\/\/www.soledadedeminas.mg.gov.br\/v1\/download\/decretos_-_2025\/decreto_3225_eprosol.pdf\">3235\/2025<\/font><\/a><\/center><\/u><\/b>\r\n<br>\r\n<font color=black><b>Descri\u00e7\u00e3o:<\/b><br> <p style=\"text-align: justify;\">Disp\u00f5e sobre a comercializa\u00e7\u00e3o de bebidas e a proibi\u00e7\u00e3o de ultiliza\u00e7\u00e3o de som automotivo durante as festividades da XXX EPROSOL do Municipio de Soledade de Minas e d\u00e1 outras providencias.<\/p><\/font><br><br>\r\n<font color=black><b>Downloads:<\/b>  108<\/font><br>\r\n<font color=black><b>Tamanho:<\/b>  898 KiB<\/font><br>\r\n<font color=black><b>Data da Publica\u00e7\u00e3o:<\/b> 22\/08\/2025<\/font><br>\r\n<a href=\"https:\/\/www.soledadedeminas.mg.gov.br\/v1\/download\/decretos_-_2025\/decreto_3225_eprosol.pdf\"><b><center><font color=#0f70b7>Clique aqui para realizar o download (formato: pdf)<\/font><\/center><\/b><\/a><br>\r\n<center><img src=\"https:\/\/www.soledadedeminas.mg.gov.br\/v1\/wp-content\/uploads\/2021\/04\/divisor_4.png\"\/><\/center>\r\n<\/td>\r\n<td bgcolor=\"#0473aa\"><center><font color=\"white\">449<\/font><\/center><\/td>\r\n<\/tr><tr>\r\n<td bgcolor=\"#ffffff\">\r\n<br>\r\n<center><u><b><font color=black><a href=\"https:\/\/www.soledadedeminas.mg.gov.br\/v1\/download\/decretos_-_2025\/EPROSOL_decreto_3224_2025.pdf\">3224\/2025<\/font><\/a><\/center><\/u><\/b>\r\n<br>\r\n<font color=black><b>Descri\u00e7\u00e3o:<\/b><br> REGULAMENTA A UTILIZA\u00c7\u00c3O DO ESPA\u00c7O P\u00daBLICO PARA A PRA\u00c7A DE ALIMENTA\u00c7\u00c3O E PARQUES NA XXX EPROSOL DE 24 A 28 DE SETEMBRO DE 2025.<\/font><br><br>\r\n<font color=black><b>Downloads:<\/b>  126<\/font><br>\r\n<font color=black><b>Tamanho:<\/b>  675 KiB<\/font><br>\r\n<font color=black><b>Data da Publica\u00e7\u00e3o:<\/b> 22\/08\/2025<\/font><br>\r\n<a href=\"https:\/\/www.soledadedeminas.mg.gov.br\/v1\/download\/decretos_-_2025\/EPROSOL_decreto_3224_2025.pdf\"><b><center><font color=#0f70b7>Clique aqui para realizar o download (formato: pdf)<\/font><\/center><\/b><\/a><br>\r\n<center><img src=\"https:\/\/www.soledadedeminas.mg.gov.br\/v1\/wp-content\/uploads\/2021\/04\/divisor_4.png\"\/><\/center>\r\n<\/td>\r\n<td bgcolor=\"#0473aa\"><center><font color=\"white\">448<\/font><\/center><\/td>\r\n<\/tr><tr>\r\n<td bgcolor=\"#ffffff\">\r\n<br>\r\n<center><u><b><font color=black><a href=\"https:\/\/www.soledadedeminas.mg.gov.br\/v1\/download\/decretos_-_2025\/decreto-espao-publico-3216.pdf\">3216\/2025<\/font><\/a><\/center><\/u><\/b>\r\n<br>\r\n<font color=black><b>Descri\u00e7\u00e3o:<\/b><br> <p style=\"text-align: justify;\">Regulamenta a utiliza\u00e7\u00e3o do espa\u00e7o p\u00fablico para a pra\u00e7a de alimenta\u00e7\u00e3o e parques na Festa Julina de 25 a 27 de julho de 2025.<\/p><\/font><br><br>\r\n<font color=black><b>Downloads:<\/b>  46<\/font><br>\r\n<font color=black><b>Tamanho:<\/b>  1.0 MiB<\/font><br>\r\n<font color=black><b>Data da Publica\u00e7\u00e3o:<\/b> 21\/07\/2025<\/font><br>\r\n<a href=\"https:\/\/www.soledadedeminas.mg.gov.br\/v1\/download\/decretos_-_2025\/decreto-espao-publico-3216.pdf\"><b><center><font color=#0f70b7>Clique aqui para realizar o download (formato: pdf)<\/font><\/center><\/b><\/a><br>\r\n<center><img src=\"https:\/\/www.soledadedeminas.mg.gov.br\/v1\/wp-content\/uploads\/2021\/04\/divisor_4.png\"\/><\/center>\r\n<\/td>\r\n<td bgcolor=\"#0473aa\"><center><font color=\"white\">433<\/font><\/center><\/td>\r\n<\/tr><tr>\r\n<td bgcolor=\"#ffffff\">\r\n<br>\r\n<center><u><b><font color=black><a href=\"https:\/\/www.soledadedeminas.mg.gov.br\/v1\/download\/decretos_-_2025\/decreto-3.215.pdf\">3215\/2025<\/font><\/a><\/center><\/u><\/b>\r\n<br>\r\n<font color=black><b>Descri\u00e7\u00e3o:<\/b><br> <p style=\"text-align: justify;\">Disp\u00f5e sobre a comercializa\u00e7\u00e3o de bebidas e a proibi\u00e7\u00e3o de som automotivo durante as festividades da Festa Julina do Munic\u00edpio de Soledade de Minas e d\u00e1 outras provid\u00eancias.<\/p><\/font><br><br>\r\n<font color=black><b>Downloads:<\/b>  68<\/font><br>\r\n<font color=black><b>Tamanho:<\/b>  823 KiB<\/font><br>\r\n<font color=black><b>Data da Publica\u00e7\u00e3o:<\/b> 21\/07\/2025<\/font><br>\r\n<a href=\"https:\/\/www.soledadedeminas.mg.gov.br\/v1\/download\/decretos_-_2025\/decreto-3.215.pdf\"><b><center><font color=#0f70b7>Clique aqui para realizar o download (formato: pdf)<\/font><\/center><\/b><\/a><br>\r\n<center><img src=\"https:\/\/www.soledadedeminas.mg.gov.br\/v1\/wp-content\/uploads\/2021\/04\/divisor_4.png\"\/><\/center>\r\n<\/td>\r\n<td bgcolor=\"#0473aa\"><center><font color=\"white\">432<\/font><\/center><\/td>\r\n<\/tr><tr>\r\n<td bgcolor=\"#ffffff\">\r\n<br>\r\n<center><u><b><font color=black><a href=\"https:\/\/www.soledadedeminas.mg.gov.br\/v1\/download\/decretos_-_2025\/SCAN0130.PDF\">3203\/2025<\/font><\/a><\/center><\/u><\/b>\r\n<br>\r\n<font color=black><b>Descri\u00e7\u00e3o:<\/b><br> <p style=\"text-align: justify;\">Disp\u00f5e sobre a Homologa\u00e7\u00e3o do parecer do Conselho Municipal de Educa\u00e7\u00e3o do Munic\u00edpio de Soledade de Minas, que aprova a Pol\u00edtica Municipal de Escola em Tempo Integral, conforme a Lei n\u00ba 14.640\/2023, em atendimento \u00e0 delega\u00e7\u00e3o do Conselho Estadual de Educa\u00e7\u00e3o de Minas Gerais, conforme resolu\u00e7\u00e3o CEE-MG n\u00ba 497\/2024 e d\u00e1 outras provid\u00eancias.<\/p><br \/>\r\nOutros documentos:<br \/>\r\n<a href=\"https:\/\/www.soledadedeminas.mg.gov.br\/v1\/download\/SCAN0131.PDF\">Download - Pol\u00edtica Municipal de Escola em Tempo Integral do Munic\u00edpio de Soledade de Minas - MG<\/a><br \/>\r\n<br \/>\r\n&nbsp;<\/font><br><br>\r\n<font color=black><b>Downloads:<\/b>  47<\/font><br>\r\n<font color=black><b>Tamanho:<\/b>  107 KiB<\/font><br>\r\n<font color=black><b>Data da Publica\u00e7\u00e3o:<\/b> 27\/06\/2025<\/font><br>\r\n<a href=\"https:\/\/www.soledadedeminas.mg.gov.br\/v1\/download\/decretos_-_2025\/SCAN0130.PDF\"><b><center><font color=#0f70b7>Clique aqui para realizar o download (formato: pdf)<\/font><\/center><\/b><\/a><br>\r\n<center><img src=\"https:\/\/www.soledadedeminas.mg.gov.br\/v1\/wp-content\/uploads\/2021\/04\/divisor_4.png\"\/><\/center>\r\n<\/td>\r\n<td bgcolor=\"#0473aa\"><center><font color=\"white\">421<\/font><\/center><\/td>\r\n<\/tr><tr>\r\n<td bgcolor=\"#ffffff\">\r\n<br>\r\n<center><u><b><font color=black><a href=\"https:\/\/www.soledadedeminas.mg.gov.br\/v1\/download\/decretos_-_2025\/SCAN0015.PDF\">3183\/2025<\/font><\/a><\/center><\/u><\/b>\r\n<br>\r\n<font color=black><b>Descri\u00e7\u00e3o:<\/b><br> <p style=\"text-align: justify;\">Disp\u00f5e sobre a comercializa\u00e7\u00e3o de bebidas e a proibi\u00e7\u00e3o de utiliza\u00e7\u00e3o de som automotivo durante as festividades de S\u00e1bado de Aleluia e domingo de P\u00e1scoa do Mun\u00edcipio de Soledade de Minas e d\u00e1 outras provid\u00eancias.<\/p><\/font><br><br>\r\n<font color=black><b>Downloads:<\/b>  83<\/font><br>\r\n<font color=black><b>Tamanho:<\/b>  718 KiB<\/font><br>\r\n<font color=black><b>Data da Publica\u00e7\u00e3o:<\/b> 16\/04\/2025<\/font><br>\r\n<a href=\"https:\/\/www.soledadedeminas.mg.gov.br\/v1\/download\/decretos_-_2025\/SCAN0015.PDF\"><b><center><font color=#0f70b7>Clique aqui para realizar o download (formato: pdf)<\/font><\/center><\/b><\/a><br>\r\n<center><img src=\"https:\/\/www.soledadedeminas.mg.gov.br\/v1\/wp-content\/uploads\/2021\/04\/divisor_4.png\"\/><\/center>\r\n<\/td>\r\n<td bgcolor=\"#0473aa\"><center><font color=\"white\">400<\/font><\/center><\/td>\r\n<\/tr><tr>\r\n<td bgcolor=\"#ffffff\">\r\n<br>\r\n<center><u><b><font color=black><a href=\"https:\/\/www.soledadedeminas.mg.gov.br\/v1\/download\/decretos_-_2025\/decreto_3174-2024.PDF\">3174\/2024<\/font><\/a><\/center><\/u><\/b>\r\n<br>\r\n<font color=black><b>Descri\u00e7\u00e3o:<\/b><br> Disp\u00f5e sobre expediente nas reparti\u00e7\u00f5es municipais.<\/font><br><br>\r\n<font color=black><b>Downloads:<\/b>  116<\/font><br>\r\n<font color=black><b>Tamanho:<\/b>  340 KiB<\/font><br>\r\n<font color=black><b>Data da Publica\u00e7\u00e3o:<\/b> 27\/02\/2025<\/font><br>\r\n<a href=\"https:\/\/www.soledadedeminas.mg.gov.br\/v1\/download\/decretos_-_2025\/decreto_3174-2024.PDF\"><b><center><font color=#0f70b7>Clique aqui para realizar o download (formato: pdf)<\/font><\/center><\/b><\/a><br>\r\n<center><img src=\"https:\/\/www.soledadedeminas.mg.gov.br\/v1\/wp-content\/uploads\/2021\/04\/divisor_4.png\"\/><\/center>\r\n<\/td>\r\n<td bgcolor=\"#0473aa\"><center><font color=\"white\">386<\/font><\/center><\/td>\r\n<\/tr><tr>\r\n<td bgcolor=\"#ffffff\">\r\n<br>\r\n<center><u><b><font color=black><a href=\"https:\/\/www.soledadedeminas.mg.gov.br\/v1\/download\/decretos_-_2025\/DECRETO-CARNAVAL.pdf\">3173\/2025<\/font><\/a><\/center><\/u><\/b>\r\n<br>\r\n<font color=black><b>Descri\u00e7\u00e3o:<\/b><br> <p style=\"text-align: justify;\">Disp\u00f5e sobre a comercializa\u00e7\u00e3o de bebidas e a proibi\u00e7\u00e3o de utiliza\u00e7\u00e3o de som automotivo durante as festividades de Carnaval do Munic\u00edpio de Soledade de Minas e d\u00e1 outras provid\u00eancias.<\/p><\/font><br><br>\r\n<font color=black><b>Downloads:<\/b>  246<\/font><br>\r\n<font color=black><b>Tamanho:<\/b>  275 KiB<\/font><br>\r\n<font color=black><b>Data da Publica\u00e7\u00e3o:<\/b> 18\/02\/2025<\/font><br>\r\n<a href=\"https:\/\/www.soledadedeminas.mg.gov.br\/v1\/download\/decretos_-_2025\/DECRETO-CARNAVAL.pdf\"><b><center><font color=#0f70b7>Clique aqui para realizar o download (formato: pdf)<\/font><\/center><\/b><\/a><br>\r\n<center><img src=\"https:\/\/www.soledadedeminas.mg.gov.br\/v1\/wp-content\/uploads\/2021\/04\/divisor_4.png\"\/><\/center>\r\n<\/td>\r\n<td bgcolor=\"#0473aa\"><center><font color=\"white\">371<\/font><\/center><\/td>\r\n<\/tr><tr>\r\n<td bgcolor=\"#ffffff\">\r\n<br>\r\n<center><u><b><font color=black><a href=\"https:\/\/www.soledadedeminas.mg.gov.br\/v1\/download\/decretos_-_2025\/Decreto-3663.PDF\">3663\/2025<\/font><\/a><\/center><\/u><\/b>\r\n<br>\r\n<font color=black><b>Descri\u00e7\u00e3o:<\/b><br> <p style=\"text-align: justify;\">Regulamenta a utiliza\u00e7\u00e3o de registro de pre\u00e7os disciplinado na Lei Federal n\u00ba14.133, de 1\u00ba de abril de 2021, para a ades\u00e3o do munic\u00edpio \u00e0s aquisi\u00e7\u00f5es e contrata\u00e7\u00f5es realizadas pelo Estado de Minas Gerais para a execu\u00e7\u00e3o de a\u00e7\u00f5es no \u00e2mbito do Sistema \u00danico de Sa\u00fade \u2013 SUS.<\/p><\/font><br><br>\r\n<font color=black><b>Downloads:<\/b>  128<\/font><br>\r\n<font color=black><b>Tamanho:<\/b>  377 KiB<\/font><br>\r\n<font color=black><b>Data da Publica\u00e7\u00e3o:<\/b> 17\/02\/2025<\/font><br>\r\n<a href=\"https:\/\/www.soledadedeminas.mg.gov.br\/v1\/download\/decretos_-_2025\/Decreto-3663.PDF\"><b><center><font color=#0f70b7>Clique aqui para realizar o download (formato: pdf)<\/font><\/center><\/b><\/a><br>\r\n<center><img src=\"https:\/\/www.soledadedeminas.mg.gov.br\/v1\/wp-content\/uploads\/2021\/04\/divisor_4.png\"\/><\/center>\r\n<\/td>\r\n<td bgcolor=\"#0473aa\"><center><font color=\"white\">368<\/font><\/center><\/td>\r\n<\/tr><\/tbody>\r\n<\/table>\r\n<script type=\"text\/javascript\" charset=\"utf-8\">\r\n\tjQuery(document).ready(function() {\r\n\t\tjQuery('#wpfb-data-table-69f383c68b3f0').dataTable((function(options){ var wpfbOptions = {\"aaSorting\":[[1,\"desc\"]]};  if('object' == typeof(options)) { for (var v in options) { wpfbOptions[v] = options[v]; } } return wpfbOptions; })());\r\n\t} );\r\n<\/script>\n<\/div><div class=\"nav fusion-mobile-tab-nav\"><ul class=\"nav-tabs nav-justified\"><li><a class=\"tab-link\" data-toggle=\"tab\" role=\"tab\" aria-controls=\"tab-7a4645bf383cb8afad8\" aria-selected=\"false\" tabindex=\"-1\" id=\"mobile-fusion-tab-2024\" href=\"#tab-7a4645bf383cb8afad8\"><h4 class=\"fusion-tab-heading\"><i class=\"fontawesome-icon fa-folder-open fas\" aria-hidden=\"true\" style=\"font-size:16px;\"><\/i>2024<\/h4><\/a><\/li><\/ul><\/div><div class=\"tab-pane fade fusion-clearfix\" role=\"tabpanel\" tabindex=\"0\" aria-labelledby=\"fusion-tab-2024\" id=\"tab-7a4645bf383cb8afad8\">\n\r\n\r\n<table id=\"wpfb-data-table-69f383c68f673\">\r\n<thead>\r\n\t<tr><th scope=\"col\">DOCUMENTOS PUBLICADOS<\/th><th scope=\"col\">ID<\/th><\/tr>\r\n<\/thead>\r\n<tbody><tr>\r\n<td bgcolor=\"#ffffff\">\r\n<br>\r\n<center><u><b><font color=black><a href=\"https:\/\/www.soledadedeminas.mg.gov.br\/v1\/download\/decretos_-_2024\/decreto0000.PDF\">3150\/2024<\/font><\/a><\/center><\/u><\/b>\r\n<br>\r\n<font color=black><b>Descri\u00e7\u00e3o:<\/b><br> <p style=\"text-align: justify;\">Disp\u00f5e sobre a comercializa\u00e7\u00e3o de bebidas e a proibi\u00e7\u00e3o de utiliza\u00e7\u00e3o de som automotivo durante as festividades de Anivers\u00e1rio da Cidade e R\u00e9veillon do Munic\u00edpio de Soledade de Minas e d\u00e1 outras provid\u00eancias.<\/p><\/font><br><br>\r\n<font color=black><b>Downloads:<\/b>  259<\/font><br>\r\n<font color=black><b>Tamanho:<\/b>  595 KiB<\/font><br>\r\n<font color=black><b>Data da Publica\u00e7\u00e3o:<\/b> 13\/12\/2024<\/font><br>\r\n<a href=\"https:\/\/www.soledadedeminas.mg.gov.br\/v1\/download\/decretos_-_2024\/decreto0000.PDF\"><b><center><font color=#0f70b7>Clique aqui para realizar o download (formato: pdf)<\/font><\/center><\/b><\/a><br>\r\n<center><img src=\"https:\/\/www.soledadedeminas.mg.gov.br\/v1\/wp-content\/uploads\/2021\/04\/divisor_4.png\"\/><\/center>\r\n<\/td>\r\n<td bgcolor=\"#0473aa\"><center><font color=\"white\">354<\/font><\/center><\/td>\r\n<\/tr><tr>\r\n<td bgcolor=\"#ffffff\">\r\n<br>\r\n<center><u><b><font color=black><a href=\"https:\/\/www.soledadedeminas.mg.gov.br\/v1\/download\/decretos_-_2024\/decreto-01.pdf\">3136\/2024<\/font><\/a><\/center><\/u><\/b>\r\n<br>\r\n<font color=black><b>Descri\u00e7\u00e3o:<\/b><br> <p style=\"text-align: justify;\">Regulamenta a utiliza\u00e7\u00e3o do espa\u00e7o p\u00fablico para a pra\u00e7a de alimenta\u00e7\u00e3o e parques no Anivers\u00e1rio e Reveillon da Cidade.<\/p><\/font><br><br>\r\n<font color=black><b>Downloads:<\/b>  161<\/font><br>\r\n<font color=black><b>Tamanho:<\/b>  344 KiB<\/font><br>\r\n<font color=black><b>Data da Publica\u00e7\u00e3o:<\/b> 26\/11\/2024<\/font><br>\r\n<a href=\"https:\/\/www.soledadedeminas.mg.gov.br\/v1\/download\/decretos_-_2024\/decreto-01.pdf\"><b><center><font color=#0f70b7>Clique aqui para realizar o download (formato: pdf)<\/font><\/center><\/b><\/a><br>\r\n<center><img src=\"https:\/\/www.soledadedeminas.mg.gov.br\/v1\/wp-content\/uploads\/2021\/04\/divisor_4.png\"\/><\/center>\r\n<\/td>\r\n<td bgcolor=\"#0473aa\"><center><font color=\"white\">344<\/font><\/center><\/td>\r\n<\/tr><tr>\r\n<td bgcolor=\"#ffffff\">\r\n<br>\r\n<center><u><b><font color=black><a href=\"https:\/\/www.soledadedeminas.mg.gov.br\/v1\/download\/decretos_-_2024\/SCAN0024_2.pdf\">3095\/2024<\/font><\/a><\/center><\/u><\/b>\r\n<br>\r\n<font color=black><b>Descri\u00e7\u00e3o:<\/b><br> <p style=\"text-align: justify;\">REGULAMENTA A UTILIZA\u00c7\u00c3O DO ESPA\u00c7O P\u00daBLICO PARA A PRA DE ALIMENTA\u00c7\u00c3O E PARQUES NA XXIX EPROSOL DE SOLEDADE DE MINAS.<\/p><\/font><br><br>\r\n<font color=black><b>Downloads:<\/b>  96<\/font><br>\r\n<font color=black><b>Tamanho:<\/b>  786 KiB<\/font><br>\r\n<font color=black><b>Data da Publica\u00e7\u00e3o:<\/b> 26\/11\/2024<\/font><br>\r\n<a href=\"https:\/\/www.soledadedeminas.mg.gov.br\/v1\/download\/decretos_-_2024\/SCAN0024_2.pdf\"><b><center><font color=#0f70b7>Clique aqui para realizar o download (formato: pdf)<\/font><\/center><\/b><\/a><br>\r\n<center><img src=\"https:\/\/www.soledadedeminas.mg.gov.br\/v1\/wp-content\/uploads\/2021\/04\/divisor_4.png\"\/><\/center>\r\n<\/td>\r\n<td bgcolor=\"#0473aa\"><center><font color=\"white\">343<\/font><\/center><\/td>\r\n<\/tr><tr>\r\n<td bgcolor=\"#ffffff\">\r\n<br>\r\n<center><u><b><font color=black><a href=\"https:\/\/www.soledadedeminas.mg.gov.br\/v1\/download\/decretos_-_2024\/eprosol-2024-decreto.PDF\">3108\/2024<\/font><\/a><\/center><\/u><\/b>\r\n<br>\r\n<font color=black><b>Descri\u00e7\u00e3o:<\/b><br> <p style=\"text-align: justify;\">Pro\u00edbe a comercializa\u00e7\u00e3o de bebidas em embalagens vidros, disp\u00f5e sobre sons automotivos durante as Festividades da EPROSOL 2024 e d\u00e1 provid\u00eancias.<\/p><\/font><br><br>\r\n<font color=black><b>Downloads:<\/b>  168<\/font><br>\r\n<font color=black><b>Tamanho:<\/b>  608 KiB<\/font><br>\r\n<font color=black><b>Data da Publica\u00e7\u00e3o:<\/b> 27\/09\/2024<\/font><br>\r\n<a href=\"https:\/\/www.soledadedeminas.mg.gov.br\/v1\/download\/decretos_-_2024\/eprosol-2024-decreto.PDF\"><b><center><font color=#0f70b7>Clique aqui para realizar o download (formato: pdf)<\/font><\/center><\/b><\/a><br>\r\n<center><img src=\"https:\/\/www.soledadedeminas.mg.gov.br\/v1\/wp-content\/uploads\/2021\/04\/divisor_4.png\"\/><\/center>\r\n<\/td>\r\n<td bgcolor=\"#0473aa\"><center><font color=\"white\">327<\/font><\/center><\/td>\r\n<\/tr><tr>\r\n<td bgcolor=\"#ffffff\">\r\n<br>\r\n<center><u><b><font color=black><a href=\"https:\/\/www.soledadedeminas.mg.gov.br\/v1\/download\/decretos_-_2024\/SCAN0048.PDF\">3098\/2024<\/font><\/a><\/center><\/u><\/b>\r\n<br>\r\n<font color=black><b>Descri\u00e7\u00e3o:<\/b><br> Disp\u00f5e sobre lan\u00e7amento, isen\u00e7\u00e3o de taxas e d\u00e1 outras prodid\u00eancias.<\/font><br><br>\r\n<font color=black><b>Downloads:<\/b>  84<\/font><br>\r\n<font color=black><b>Tamanho:<\/b>  307 KiB<\/font><br>\r\n<font color=black><b>Data da Publica\u00e7\u00e3o:<\/b> 06\/09\/2024<\/font><br>\r\n<a href=\"https:\/\/www.soledadedeminas.mg.gov.br\/v1\/download\/decretos_-_2024\/SCAN0048.PDF\"><b><center><font color=#0f70b7>Clique aqui para realizar o download (formato: pdf)<\/font><\/center><\/b><\/a><br>\r\n<center><img src=\"https:\/\/www.soledadedeminas.mg.gov.br\/v1\/wp-content\/uploads\/2021\/04\/divisor_4.png\"\/><\/center>\r\n<\/td>\r\n<td bgcolor=\"#0473aa\"><center><font color=\"white\">322<\/font><\/center><\/td>\r\n<\/tr><tr>\r\n<td bgcolor=\"#ffffff\">\r\n<br>\r\n<center><u><b><font color=black><a href=\"https:\/\/www.soledadedeminas.mg.gov.br\/v1\/download\/decretos_-_2024\/decreto_30682024_2.PDF\">3068\/2024<\/font><\/a><\/center><\/u><\/b>\r\n<br>\r\n<font color=black><b>Descri\u00e7\u00e3o:<\/b><br> <p style=\"text-align: justify;\">Nomeia membros da Comiss\u00e3o Organizadora da 1\u00aa Confer\u00eancia Municipal de Cultura de Soledade de Minas \/ MG.<\/p><\/font><br><br>\r\n<font color=black><b>Downloads:<\/b>  98<\/font><br>\r\n<font color=black><b>Tamanho:<\/b>  53 KiB<\/font><br>\r\n<font color=black><b>Data da Publica\u00e7\u00e3o:<\/b> 14\/06\/2024<\/font><br>\r\n<a href=\"https:\/\/www.soledadedeminas.mg.gov.br\/v1\/download\/decretos_-_2024\/decreto_30682024_2.PDF\"><b><center><font color=#0f70b7>Clique aqui para realizar o download (formato: pdf)<\/font><\/center><\/b><\/a><br>\r\n<center><img src=\"https:\/\/www.soledadedeminas.mg.gov.br\/v1\/wp-content\/uploads\/2021\/04\/divisor_4.png\"\/><\/center>\r\n<\/td>\r\n<td bgcolor=\"#0473aa\"><center><font color=\"white\">282<\/font><\/center><\/td>\r\n<\/tr><tr>\r\n<td bgcolor=\"#ffffff\">\r\n<br>\r\n<center><u><b><font color=black><a href=\"https:\/\/www.soledadedeminas.mg.gov.br\/v1\/download\/decretos_-_2024\/decreto_3067-2024.pdf\">3067\/2024<\/font><\/a><\/center><\/u><\/b>\r\n<br>\r\n<font color=black><b>Descri\u00e7\u00e3o:<\/b><br> Convoca a 1\u00aa Confer\u00eancia Municipal de Cultura de Soledade de Minas e d\u00e1 outras provid\u00eancias.<\/font><br><br>\r\n<font color=black><b>Downloads:<\/b>  182<\/font><br>\r\n<font color=black><b>Tamanho:<\/b>  3.5 MiB<\/font><br>\r\n<font color=black><b>Data da Publica\u00e7\u00e3o:<\/b> 14\/06\/2024<\/font><br>\r\n<a href=\"https:\/\/www.soledadedeminas.mg.gov.br\/v1\/download\/decretos_-_2024\/decreto_3067-2024.pdf\"><b><center><font color=#0f70b7>Clique aqui para realizar o download (formato: pdf)<\/font><\/center><\/b><\/a><br>\r\n<center><img src=\"https:\/\/www.soledadedeminas.mg.gov.br\/v1\/wp-content\/uploads\/2021\/04\/divisor_4.png\"\/><\/center>\r\n<\/td>\r\n<td bgcolor=\"#0473aa\"><center><font color=\"white\">281<\/font><\/center><\/td>\r\n<\/tr><tr>\r\n<td bgcolor=\"#ffffff\">\r\n<br>\r\n<center><u><b><font color=black><a href=\"https:\/\/www.soledadedeminas.mg.gov.br\/v1\/download\/decretos_-_2024\/BRN94DDF8008BC4_009132.pdf\">3045\/2024<\/font><\/a><\/center><\/u><\/b>\r\n<br>\r\n<font color=black><b>Descri\u00e7\u00e3o:<\/b><br> <p style=\"text-align: justify;\">Regulamenta o ART 95, \u00a7 2<sup>o<\/sup>, da Lei Federal de N\u00ba14.133, de 1\u00ba de Abril de 2021, no \u00e2mbito do Poder Executivo e Autarquias Municipais de Soledade de Minas e d\u00e1 outras provid\u00eancias.<\/p><\/font><br><br>\r\n<font color=black><b>Downloads:<\/b>  101<\/font><br>\r\n<font color=black><b>Tamanho:<\/b>  586 KiB<\/font><br>\r\n<font color=black><b>Data da Publica\u00e7\u00e3o:<\/b> 09\/04\/2024<\/font><br>\r\n<a href=\"https:\/\/www.soledadedeminas.mg.gov.br\/v1\/download\/decretos_-_2024\/BRN94DDF8008BC4_009132.pdf\"><b><center><font color=#0f70b7>Clique aqui para realizar o download (formato: pdf)<\/font><\/center><\/b><\/a><br>\r\n<center><img src=\"https:\/\/www.soledadedeminas.mg.gov.br\/v1\/wp-content\/uploads\/2021\/04\/divisor_4.png\"\/><\/center>\r\n<\/td>\r\n<td bgcolor=\"#0473aa\"><center><font color=\"white\">242<\/font><\/center><\/td>\r\n<\/tr><tr>\r\n<td bgcolor=\"#ffffff\">\r\n<br>\r\n<center><u><b><font color=black><a href=\"https:\/\/www.soledadedeminas.mg.gov.br\/v1\/download\/decretos_-_2024\/BRN94DDF8008BC4_008467_organized.pdf\">3042\/2024<\/font><\/a><\/center><\/u><\/b>\r\n<br>\r\n<font color=black><b>Descri\u00e7\u00e3o:<\/b><br> <p style=\"text-align: justify;\">Disp\u00f5e sobre a comercializa\u00e7\u00e3o de bebidas e a proibi\u00e7\u00e3o de utiliza\u00e7\u00e3o de som automotivo durante as festividades de Semana Santa 2024 do Munic\u00edpio de Soledade de Minas e d\u00e1 outras provid\u00eancias.<\/p><\/font><br><br>\r\n<font color=black><b>Downloads:<\/b>  183<\/font><br>\r\n<font color=black><b>Tamanho:<\/b>  298 KiB<\/font><br>\r\n<font color=black><b>Data da Publica\u00e7\u00e3o:<\/b> 26\/03\/2024<\/font><br>\r\n<a href=\"https:\/\/www.soledadedeminas.mg.gov.br\/v1\/download\/decretos_-_2024\/BRN94DDF8008BC4_008467_organized.pdf\"><b><center><font color=#0f70b7>Clique aqui para realizar o download (formato: pdf)<\/font><\/center><\/b><\/a><br>\r\n<center><img src=\"https:\/\/www.soledadedeminas.mg.gov.br\/v1\/wp-content\/uploads\/2021\/04\/divisor_4.png\"\/><\/center>\r\n<\/td>\r\n<td bgcolor=\"#0473aa\"><center><font color=\"white\">232<\/font><\/center><\/td>\r\n<\/tr><tr>\r\n<td bgcolor=\"#ffffff\">\r\n<br>\r\n<center><u><b><font color=black><a href=\"https:\/\/www.soledadedeminas.mg.gov.br\/v1\/download\/decretos_-_2024\/decreto06022024.pdf\">3022\/2024<\/font><\/a><\/center><\/u><\/b>\r\n<br>\r\n<font color=black><b>Descri\u00e7\u00e3o:<\/b><br> <p style=\"text-align: justify;\">Disp\u00f5e sobre a comercializa\u00e7\u00e3o de bebidas e a proibi\u00e7\u00e3o de utiliza\u00e7\u00e3o de som automotivo durante as festividades de Carnaval 2024 do Munic\u00edpio de Soledade de Minas e d\u00e1 outras provid\u00eancias.<\/p><\/font><br><br>\r\n<font color=black><b>Downloads:<\/b>  112<\/font><br>\r\n<font color=black><b>Tamanho:<\/b>  307 KiB<\/font><br>\r\n<font color=black><b>Data da Publica\u00e7\u00e3o:<\/b> 06\/02\/2024<\/font><br>\r\n<a href=\"https:\/\/www.soledadedeminas.mg.gov.br\/v1\/download\/decretos_-_2024\/decreto06022024.pdf\"><b><center><font color=#0f70b7>Clique aqui para realizar o download (formato: pdf)<\/font><\/center><\/b><\/a><br>\r\n<center><img src=\"https:\/\/www.soledadedeminas.mg.gov.br\/v1\/wp-content\/uploads\/2021\/04\/divisor_4.png\"\/><\/center>\r\n<\/td>\r\n<td bgcolor=\"#0473aa\"><center><font color=\"white\">204<\/font><\/center><\/td>\r\n<\/tr><\/tbody>\r\n<\/table>\r\n<script type=\"text\/javascript\" charset=\"utf-8\">\r\n\tjQuery(document).ready(function() {\r\n\t\tjQuery('#wpfb-data-table-69f383c68f673').dataTable((function(options){ var wpfbOptions = {\"aaSorting\":[[1,\"desc\"]]};  if('object' == typeof(options)) { for (var v in options) { wpfbOptions[v] = options[v]; } } return wpfbOptions; })());\r\n\t} );\r\n<\/script>\n<\/div><div class=\"nav fusion-mobile-tab-nav\"><ul class=\"nav-tabs nav-justified\"><li><a class=\"tab-link\" data-toggle=\"tab\" role=\"tab\" aria-controls=\"tab-e70ed047f3fd7b59d66\" aria-selected=\"false\" tabindex=\"-1\" id=\"mobile-fusion-tab-2023\" href=\"#tab-e70ed047f3fd7b59d66\"><h4 class=\"fusion-tab-heading\"><i class=\"fontawesome-icon fa-folder-open fas\" aria-hidden=\"true\" style=\"font-size:16px;\"><\/i>2023<\/h4><\/a><\/li><\/ul><\/div><div class=\"tab-pane fade fusion-clearfix\" role=\"tabpanel\" tabindex=\"0\" aria-labelledby=\"fusion-tab-2023\" id=\"tab-e70ed047f3fd7b59d66\">\n\r\n\r\n<table id=\"wpfb-data-table-69f383c6924c4\">\r\n<thead>\r\n\t<tr><th scope=\"col\">DOCUMENTOS PUBLICADOS<\/th><th scope=\"col\">ID<\/th><\/tr>\r\n<\/thead>\r\n<tbody><tr>\r\n<td bgcolor=\"#ffffff\">\r\n<br>\r\n<center><u><b><font color=black><a href=\"https:\/\/www.soledadedeminas.mg.gov.br\/v1\/download\/decretos_-_2023\/reveillon0000.PDF\">2998\/2023<\/font><\/a><\/center><\/u><\/b>\r\n<br>\r\n<font color=black><b>Descri\u00e7\u00e3o:<\/b><br> <p style=\"text-align: justify;\">Disp\u00f5e sobre a comercializa\u00e7\u00e3o de bebidas e a proibi\u00e7\u00e3o de utiliza\u00e7\u00e3o de som automotivo durante as festividades de R\u00e9veillon do Munic\u00edpio de Soledade de Minas e d\u00e1 outras provid\u00eancias.<\/p><\/font><br><br>\r\n<font color=black><b>Downloads:<\/b>  107<\/font><br>\r\n<font color=black><b>Tamanho:<\/b>  645 KiB<\/font><br>\r\n<font color=black><b>Data da Publica\u00e7\u00e3o:<\/b> 28\/12\/2023<\/font><br>\r\n<a href=\"https:\/\/www.soledadedeminas.mg.gov.br\/v1\/download\/decretos_-_2023\/reveillon0000.PDF\"><b><center><font color=#0f70b7>Clique aqui para realizar o download (formato: pdf)<\/font><\/center><\/b><\/a><br>\r\n<center><img src=\"https:\/\/www.soledadedeminas.mg.gov.br\/v1\/wp-content\/uploads\/2021\/04\/divisor_4.png\"\/><\/center>\r\n<\/td>\r\n<td bgcolor=\"#0473aa\"><center><font color=\"white\">188<\/font><\/center><\/td>\r\n<\/tr><tr>\r\n<td bgcolor=\"#ffffff\">\r\n<br>\r\n<center><u><b><font color=black><a href=\"https:\/\/www.soledadedeminas.mg.gov.br\/v1\/download\/decretos_-_2023\/SCAN0018.PDF\">2997\/2023<\/font><\/a><\/center><\/u><\/b>\r\n<br>\r\n<font color=black><b>Descri\u00e7\u00e3o:<\/b><br> <p style=\"text-align: justify;\">Disp\u00f5e sobre a comercializa\u00e7\u00e3o de bebidas e a proibi\u00e7\u00e3o de utiliza\u00e7\u00e3o de som automotivo durante as festividades do 85\u00ba Anivers\u00e1rio do Munic\u00edpio de Soledade de Minas e d\u00e1 outras provid\u00eancias.<\/p><\/font><br><br>\r\n<font color=black><b>Downloads:<\/b>  100<\/font><br>\r\n<font color=black><b>Tamanho:<\/b>  654 KiB<\/font><br>\r\n<font color=black><b>Data da Publica\u00e7\u00e3o:<\/b> 11\/12\/2023<\/font><br>\r\n<a href=\"https:\/\/www.soledadedeminas.mg.gov.br\/v1\/download\/decretos_-_2023\/SCAN0018.PDF\"><b><center><font color=#0f70b7>Clique aqui para realizar o download (formato: pdf)<\/font><\/center><\/b><\/a><br>\r\n<center><img src=\"https:\/\/www.soledadedeminas.mg.gov.br\/v1\/wp-content\/uploads\/2021\/04\/divisor_4.png\"\/><\/center>\r\n<\/td>\r\n<td bgcolor=\"#0473aa\"><center><font color=\"white\">187<\/font><\/center><\/td>\r\n<\/tr><tr>\r\n<td bgcolor=\"#ffffff\">\r\n<br>\r\n<center><u><b><font color=black><a href=\"https:\/\/www.soledadedeminas.mg.gov.br\/v1\/download\/decretos_-_2023\/SCAN0010.PDF\">2975\/2023<\/font><\/a><\/center><\/u><\/b>\r\n<br>\r\n<font color=black><b>Descri\u00e7\u00e3o:<\/b><br> <p style=\"text-align: justify;\">Disp\u00f5e sobre expediente nas reparti\u00e7\u00f5es municipais.<\/p><\/font><br><br>\r\n<font color=black><b>Downloads:<\/b>  176<\/font><br>\r\n<font color=black><b>Tamanho:<\/b>  294 KiB<\/font><br>\r\n<font color=black><b>Data da Publica\u00e7\u00e3o:<\/b> 11\/10\/2023<\/font><br>\r\n<a href=\"https:\/\/www.soledadedeminas.mg.gov.br\/v1\/download\/decretos_-_2023\/SCAN0010.PDF\"><b><center><font color=#0f70b7>Clique aqui para realizar o download (formato: pdf)<\/font><\/center><\/b><\/a><br>\r\n<center><img src=\"https:\/\/www.soledadedeminas.mg.gov.br\/v1\/wp-content\/uploads\/2021\/04\/divisor_4.png\"\/><\/center>\r\n<\/td>\r\n<td bgcolor=\"#0473aa\"><center><font color=\"white\">179<\/font><\/center><\/td>\r\n<\/tr><tr>\r\n<td bgcolor=\"#ffffff\">\r\n<br>\r\n<center><u><b><font color=black><a href=\"https:\/\/www.soledadedeminas.mg.gov.br\/v1\/download\/decretos_-_2023\/decreto_2952023.pdf\">2965\/2023<\/font><\/a><\/center><\/u><\/b>\r\n<br>\r\n<font color=black><b>Descri\u00e7\u00e3o:<\/b><br> <p style=\"text-align: justify;\">Pro\u00edbe funcionamento dos bares depois das 3:00h, permite entrada de collers e isopores durante as Festividades da EPROSOL 2023 e d\u00e1 provid\u00eancias.<\/p><\/font><br><br>\r\n<font color=black><b>Downloads:<\/b>  253<\/font><br>\r\n<font color=black><b>Tamanho:<\/b>  516 KiB<\/font><br>\r\n<font color=black><b>Data da Publica\u00e7\u00e3o:<\/b> 22\/09\/2023<\/font><br>\r\n<a href=\"https:\/\/www.soledadedeminas.mg.gov.br\/v1\/download\/decretos_-_2023\/decreto_2952023.pdf\"><b><center><font color=#0f70b7>Clique aqui para realizar o download (formato: pdf)<\/font><\/center><\/b><\/a><br>\r\n<center><img src=\"https:\/\/www.soledadedeminas.mg.gov.br\/v1\/wp-content\/uploads\/2021\/04\/divisor_4.png\"\/><\/center>\r\n<\/td>\r\n<td bgcolor=\"#0473aa\"><center><font color=\"white\">169<\/font><\/center><\/td>\r\n<\/tr><tr>\r\n<td bgcolor=\"#ffffff\">\r\n<br>\r\n<center><u><b><font color=black><a href=\"https:\/\/www.soledadedeminas.mg.gov.br\/v1\/download\/decretos_-_2023\/decreto-eprosol0000.PDF\">2964\/2023<\/font><\/a><\/center><\/u><\/b>\r\n<br>\r\n<font color=black><b>Descri\u00e7\u00e3o:<\/b><br> Pro\u00edbe a comercializa\u00e7\u00e3o de bebidas em embalagens de vidro e disp\u00f5e sobre sons automotivos durante as Festividade da EPROSOL 2023 e d\u00e1 provid\u00eancias.<\/font><br><br>\r\n<font color=black><b>Downloads:<\/b>  176<\/font><br>\r\n<font color=black><b>Tamanho:<\/b>  608 KiB<\/font><br>\r\n<font color=black><b>Data da Publica\u00e7\u00e3o:<\/b> 19\/09\/2023<\/font><br>\r\n<a href=\"https:\/\/www.soledadedeminas.mg.gov.br\/v1\/download\/decretos_-_2023\/decreto-eprosol0000.PDF\"><b><center><font color=#0f70b7>Clique aqui para realizar o download (formato: pdf)<\/font><\/center><\/b><\/a><br>\r\n<center><img src=\"https:\/\/www.soledadedeminas.mg.gov.br\/v1\/wp-content\/uploads\/2021\/04\/divisor_4.png\"\/><\/center>\r\n<\/td>\r\n<td bgcolor=\"#0473aa\"><center><font color=\"white\">167<\/font><\/center><\/td>\r\n<\/tr><tr>\r\n<td bgcolor=\"#ffffff\">\r\n<br>\r\n<center><u><b><font color=black><a href=\"https:\/\/www.soledadedeminas.mg.gov.br\/v1\/download\/decretos_-_2023\/7o-Decreto-Declara-Utilidade-Publica-para-fins-de-Constituicao-de-Servidao-Administrativa-SUBSTITUICAO.pdf\">2951\/2023<\/font><\/a><\/center><\/u><\/b>\r\n<br>\r\n<font color=black><b>Descri\u00e7\u00e3o:<\/b><br> <p style=\"text-align: justify;\">Declara Utilidade P\u00fablica para fins de Constitui\u00e7\u00e3o de Servid\u00e3o Administrativa em favor do Munic\u00edpio de Soledade de Minas \u2013 Estado de Minas Gerais e d\u00e1 outras provid\u00eancias.<\/p><\/font><br><br>\r\n<font color=black><b>Downloads:<\/b>  241<\/font><br>\r\n<font color=black><b>Tamanho:<\/b>  322 KiB<\/font><br>\r\n<font color=black><b>Data da Publica\u00e7\u00e3o:<\/b> 04\/08\/2023<\/font><br>\r\n<a href=\"https:\/\/www.soledadedeminas.mg.gov.br\/v1\/download\/decretos_-_2023\/7o-Decreto-Declara-Utilidade-Publica-para-fins-de-Constituicao-de-Servidao-Administrativa-SUBSTITUICAO.pdf\"><b><center><font color=#0f70b7>Clique aqui para realizar o download (formato: pdf)<\/font><\/center><\/b><\/a><br>\r\n<center><img src=\"https:\/\/www.soledadedeminas.mg.gov.br\/v1\/wp-content\/uploads\/2021\/04\/divisor_4.png\"\/><\/center>\r\n<\/td>\r\n<td bgcolor=\"#0473aa\"><center><font color=\"white\">164<\/font><\/center><\/td>\r\n<\/tr><tr>\r\n<td bgcolor=\"#ffffff\">\r\n<br>\r\n<center><u><b><font color=black><a href=\"https:\/\/www.soledadedeminas.mg.gov.br\/v1\/download\/decretos_-_2023\/DECRETO-CARNAVAL.pdf\">2916\/2023<\/font><\/a><\/center><\/u><\/b>\r\n<br>\r\n<font color=black><b>Descri\u00e7\u00e3o:<\/b><br> <p style=\"text-align: justify;\">\"Disp\u00f5e sobre a comercializa\u00e7\u00e3o de bebidas e a proibi\u00e7\u00e3o de utiliza\u00e7\u00e3o de som automotivo durante as festividades do Carnaval 2023 e d\u00e1 outras provid\u00eancias.\"<\/p><\/font><br><br>\r\n<font color=black><b>Downloads:<\/b>  184<\/font><br>\r\n<font color=black><b>Tamanho:<\/b>  1.1 MiB<\/font><br>\r\n<font color=black><b>Data da Publica\u00e7\u00e3o:<\/b> 16\/02\/2023<\/font><br>\r\n<a href=\"https:\/\/www.soledadedeminas.mg.gov.br\/v1\/download\/decretos_-_2023\/DECRETO-CARNAVAL.pdf\"><b><center><font color=#0f70b7>Clique aqui para realizar o download (formato: pdf)<\/font><\/center><\/b><\/a><br>\r\n<center><img src=\"https:\/\/www.soledadedeminas.mg.gov.br\/v1\/wp-content\/uploads\/2021\/04\/divisor_4.png\"\/><\/center>\r\n<\/td>\r\n<td bgcolor=\"#0473aa\"><center><font color=\"white\">108<\/font><\/center><\/td>\r\n<\/tr><tr>\r\n<td bgcolor=\"#ffffff\">\r\n<br>\r\n<center><u><b><font color=black><a href=\"https:\/\/www.soledadedeminas.mg.gov.br\/v1\/download\/decretos_-_2023\/Decreto-Estado-de-Emergencia-Fortes-Chuvas-Inicio-de-2023.pdf\">2914\/2023<\/font><\/a><\/center><\/u><\/b>\r\n<br>\r\n<font color=black><b>Descri\u00e7\u00e3o:<\/b><br> <p style=\"text-align: justify;\">Declara situa\u00e7\u00e3o anormal caracterizada como \u201cSitua\u00e7\u00e3o de Emerg\u00eancia\u201d no Munic\u00edpio de Soledade de Minas, afetado por fortes chuvas nos \u00faltimos dias e semanas do m\u00eas de janeiro de 2023, em virtude do desastre classificado e codificado com - COBRADE n\u00ba 1.3.2.1.4 - Chuvas intensas que ocorre com acumulado significativo, causando m\u00faltiplos desastres (ex: inunda\u00e7\u00f5es, movimenta\u00e7\u00e3o de massa, enxurradas, etc.), conforme Portaria n\u00ba 260 de 02\/02\/2022, e d\u00e1 outras providenciais.<\/p><\/font><br><br>\r\n<font color=black><b>Downloads:<\/b>  278<\/font><br>\r\n<font color=black><b>Tamanho:<\/b>  404 KiB<\/font><br>\r\n<font color=black><b>Data da Publica\u00e7\u00e3o:<\/b> 31\/01\/2023<\/font><br>\r\n<a href=\"https:\/\/www.soledadedeminas.mg.gov.br\/v1\/download\/decretos_-_2023\/Decreto-Estado-de-Emergencia-Fortes-Chuvas-Inicio-de-2023.pdf\"><b><center><font color=#0f70b7>Clique aqui para realizar o download (formato: pdf)<\/font><\/center><\/b><\/a><br>\r\n<center><img src=\"https:\/\/www.soledadedeminas.mg.gov.br\/v1\/wp-content\/uploads\/2021\/04\/divisor_4.png\"\/><\/center>\r\n<\/td>\r\n<td bgcolor=\"#0473aa\"><center><font color=\"white\">105<\/font><\/center><\/td>\r\n<\/tr><\/tbody>\r\n<\/table>\r\n<script type=\"text\/javascript\" charset=\"utf-8\">\r\n\tjQuery(document).ready(function() {\r\n\t\tjQuery('#wpfb-data-table-69f383c6924c4').dataTable((function(options){ var wpfbOptions = {\"aaSorting\":[[1,\"desc\"]]};  if('object' == typeof(options)) { for (var v in options) { wpfbOptions[v] = options[v]; } } return wpfbOptions; })());\r\n\t} );\r\n<\/script>\n<\/div><div class=\"nav fusion-mobile-tab-nav\"><ul class=\"nav-tabs nav-justified\"><li><a class=\"tab-link\" data-toggle=\"tab\" role=\"tab\" aria-controls=\"tab-3226a690fcf3070a17d\" aria-selected=\"false\" tabindex=\"-1\" id=\"mobile-fusion-tab-2022\" href=\"#tab-3226a690fcf3070a17d\"><h4 class=\"fusion-tab-heading\"><i class=\"fontawesome-icon fa-folder-open fas\" aria-hidden=\"true\" style=\"font-size:16px;\"><\/i>2022<\/h4><\/a><\/li><\/ul><\/div><div class=\"tab-pane fade fusion-clearfix\" role=\"tabpanel\" tabindex=\"0\" aria-labelledby=\"fusion-tab-2022\" id=\"tab-3226a690fcf3070a17d\">\n\r\n\r\n<table id=\"wpfb-data-table-69f383c69459b\">\r\n<thead>\r\n\t<tr><th scope=\"col\">DOCUMENTOS PUBLICADOS<\/th><th scope=\"col\">ID<\/th><\/tr>\r\n<\/thead>\r\n<tbody><tr>\r\n<td bgcolor=\"#ffffff\">\r\n<br>\r\n<center><u><b><font color=black><a href=\"https:\/\/www.soledadedeminas.mg.gov.br\/v1\/download\/decretos_-_2022\/DECRETO-CARNAVAL1.pdf\">2916\/2022<\/font><\/a><\/center><\/u><\/b>\r\n<br>\r\n<font color=black><b>Descri\u00e7\u00e3o:<\/b><br> <p style=\"text-align: justify;\">\u201cDisp\u00f5e sobre a comercializa\u00e7\u00e3o de bebidas e a proibi\u00e7\u00e3o de utiliza\u00e7\u00e3o de som automativo durante as festividades do Carnaval 2023 e d\u00e1 outras provid\u00eancias.\u201d<\/p><\/font><br><br>\r\n<font color=black><b>Downloads:<\/b>  193<\/font><br>\r\n<font color=black><b>Tamanho:<\/b>  1.1 MiB<\/font><br>\r\n<font color=black><b>Data da Publica\u00e7\u00e3o:<\/b> 06\/03\/2023<\/font><br>\r\n<a href=\"https:\/\/www.soledadedeminas.mg.gov.br\/v1\/download\/decretos_-_2022\/DECRETO-CARNAVAL1.pdf\"><b><center><font color=#0f70b7>Clique aqui para realizar o download (formato: pdf)<\/font><\/center><\/b><\/a><br>\r\n<center><img src=\"https:\/\/www.soledadedeminas.mg.gov.br\/v1\/wp-content\/uploads\/2021\/04\/divisor_4.png\"\/><\/center>\r\n<\/td>\r\n<td bgcolor=\"#0473aa\"><center><font color=\"white\">131<\/font><\/center><\/td>\r\n<\/tr><tr>\r\n<td bgcolor=\"#ffffff\">\r\n<br>\r\n<center><u><b><font color=black><a href=\"https:\/\/www.soledadedeminas.mg.gov.br\/v1\/download\/decretos_-_2022\/img1501.pdf\">2879\/2022<\/font><\/a><\/center><\/u><\/b>\r\n<br>\r\n<font color=black><b>Descri\u00e7\u00e3o:<\/b><br> <p style=\"text-align: justify;\">\u201cDisp\u00f5e sobre expediente nas repartic\u00f5es p\u00falblicas municipais, nos dias em que ocorrerem os jogos da Sele\u00e7\u00e3o Brasileira de Futebol, durante a Copa do Mundo \u2013 FIFA 2022.\u201d<\/p><\/font><br><br>\r\n<font color=black><b>Downloads:<\/b>  285<\/font><br>\r\n<font color=black><b>Tamanho:<\/b>  546 KiB<\/font><br>\r\n<font color=black><b>Data da Publica\u00e7\u00e3o:<\/b> 06\/03\/2023<\/font><br>\r\n<a href=\"https:\/\/www.soledadedeminas.mg.gov.br\/v1\/download\/decretos_-_2022\/img1501.pdf\"><b><center><font color=#0f70b7>Clique aqui para realizar o download (formato: pdf)<\/font><\/center><\/b><\/a><br>\r\n<center><img src=\"https:\/\/www.soledadedeminas.mg.gov.br\/v1\/wp-content\/uploads\/2021\/04\/divisor_4.png\"\/><\/center>\r\n<\/td>\r\n<td bgcolor=\"#0473aa\"><center><font color=\"white\">130<\/font><\/center><\/td>\r\n<\/tr><tr>\r\n<td bgcolor=\"#ffffff\">\r\n<br>\r\n<center><u><b><font color=black><a href=\"https:\/\/www.soledadedeminas.mg.gov.br\/v1\/download\/decretos_-_2022\/Decreto-no2851-XXVIII-EPROSOL-20221.pdf\">2851\/2022<\/font><\/a><\/center><\/u><\/b>\r\n<br>\r\n<font color=black><b>Descri\u00e7\u00e3o:<\/b><br> \u201cPro\u00edbe a comercializa\u00e7\u00e3o de bebidas em embalagens de vidro e sons automotivos durante as Festividades do XXVIII EPROSOL 2022 e d\u00e1 outras provid\u00eancias.\u201d<\/font><br><br>\r\n<font color=black><b>Downloads:<\/b>  184<\/font><br>\r\n<font color=black><b>Tamanho:<\/b>  1.3 MiB<\/font><br>\r\n<font color=black><b>Data da Publica\u00e7\u00e3o:<\/b> 06\/03\/2023<\/font><br>\r\n<a href=\"https:\/\/www.soledadedeminas.mg.gov.br\/v1\/download\/decretos_-_2022\/Decreto-no2851-XXVIII-EPROSOL-20221.pdf\"><b><center><font color=#0f70b7>Clique aqui para realizar o download (formato: pdf)<\/font><\/center><\/b><\/a><br>\r\n<center><img src=\"https:\/\/www.soledadedeminas.mg.gov.br\/v1\/wp-content\/uploads\/2021\/04\/divisor_4.png\"\/><\/center>\r\n<\/td>\r\n<td bgcolor=\"#0473aa\"><center><font color=\"white\">129<\/font><\/center><\/td>\r\n<\/tr><tr>\r\n<td bgcolor=\"#ffffff\">\r\n<br>\r\n<center><u><b><font color=black><a href=\"https:\/\/www.soledadedeminas.mg.gov.br\/v1\/download\/decretos_-_2022\/Decreto-no2.8171.pdf\">2817\/2022<\/font><\/a><\/center><\/u><\/b>\r\n<br>\r\n<font color=black><b>Descri\u00e7\u00e3o:<\/b><br> <p style=\"text-align: justify;\">\u201cDisp\u00f5e sobre o uso de m\u00e1scara de prote\u00e7\u00e3o facial em determinados ambientes, no per\u00edodo de combate ao surto do Coronav\u00edrus \u2013 COVID-19, no Munic\u00edpio de Soledade de Minas \/ MG e cont\u00e9m outras provid\u00eancias.\u201d<\/p><\/font><br><br>\r\n<font color=black><b>Downloads:<\/b>  162<\/font><br>\r\n<font color=black><b>Tamanho:<\/b>  838 KiB<\/font><br>\r\n<font color=black><b>Data da Publica\u00e7\u00e3o:<\/b> 06\/03\/2023<\/font><br>\r\n<a href=\"https:\/\/www.soledadedeminas.mg.gov.br\/v1\/download\/decretos_-_2022\/Decreto-no2.8171.pdf\"><b><center><font color=#0f70b7>Clique aqui para realizar o download (formato: pdf)<\/font><\/center><\/b><\/a><br>\r\n<center><img src=\"https:\/\/www.soledadedeminas.mg.gov.br\/v1\/wp-content\/uploads\/2021\/04\/divisor_4.png\"\/><\/center>\r\n<\/td>\r\n<td bgcolor=\"#0473aa\"><center><font color=\"white\">128<\/font><\/center><\/td>\r\n<\/tr><tr>\r\n<td bgcolor=\"#ffffff\">\r\n<br>\r\n<center><u><b><font color=black><a href=\"https:\/\/www.soledadedeminas.mg.gov.br\/v1\/download\/decretos_-_2022\/DECRETO-MUNICIPAL-2.800-DE-29-DE-ABRIL-DE-20221.pdf\">2800\/2022<\/font><\/a><\/center><\/u><\/b>\r\n<br>\r\n<font color=black><b>Descri\u00e7\u00e3o:<\/b><br> <p style=\"text-align: justify;\">\u201cDisp\u00f5e sobre a dispensa do uso de m\u00e1scara em ambientes abertos e fechados na circuscri\u00e7\u00e3o do Munic\u00edpio de Soledade de Minas\/MG e cont\u00e9m provid\u00eancias.\u201d<\/p><\/font><br><br>\r\n<font color=black><b>Downloads:<\/b>  149<\/font><br>\r\n<font color=black><b>Tamanho:<\/b>  836 KiB<\/font><br>\r\n<font color=black><b>Data da Publica\u00e7\u00e3o:<\/b> 06\/03\/2023<\/font><br>\r\n<a href=\"https:\/\/www.soledadedeminas.mg.gov.br\/v1\/download\/decretos_-_2022\/DECRETO-MUNICIPAL-2.800-DE-29-DE-ABRIL-DE-20221.pdf\"><b><center><font color=#0f70b7>Clique aqui para realizar o download (formato: pdf)<\/font><\/center><\/b><\/a><br>\r\n<center><img src=\"https:\/\/www.soledadedeminas.mg.gov.br\/v1\/wp-content\/uploads\/2021\/04\/divisor_4.png\"\/><\/center>\r\n<\/td>\r\n<td bgcolor=\"#0473aa\"><center><font color=\"white\">127<\/font><\/center><\/td>\r\n<\/tr><tr>\r\n<td bgcolor=\"#ffffff\">\r\n<br>\r\n<center><u><b><font color=black><a href=\"https:\/\/www.soledadedeminas.mg.gov.br\/v1\/download\/decretos_-_2022\/decreto_27941.pdf\">2794\/2022<\/font><\/a><\/center><\/u><\/b>\r\n<br>\r\n<font color=black><b>Descri\u00e7\u00e3o:<\/b><br> <p style=\"text-align: justify;\">\u201cDisp\u00f5e sobre a dispensa do uso de m\u00e1scara em ambientes aberto, no per\u00edodo de combate ao surto do CORONAV\u00cdRUS \u2013 COVI-19, no Munic\u00edpio de Soledade de Minas\/MG e cont\u00e9m outras provid\u00eancias.\u201d<\/p><\/font><br><br>\r\n<font color=black><b>Downloads:<\/b>  229<\/font><br>\r\n<font color=black><b>Tamanho:<\/b>  1.5 MiB<\/font><br>\r\n<font color=black><b>Data da Publica\u00e7\u00e3o:<\/b> 06\/03\/2023<\/font><br>\r\n<a href=\"https:\/\/www.soledadedeminas.mg.gov.br\/v1\/download\/decretos_-_2022\/decreto_27941.pdf\"><b><center><font color=#0f70b7>Clique aqui para realizar o download (formato: pdf)<\/font><\/center><\/b><\/a><br>\r\n<center><img src=\"https:\/\/www.soledadedeminas.mg.gov.br\/v1\/wp-content\/uploads\/2021\/04\/divisor_4.png\"\/><\/center>\r\n<\/td>\r\n<td bgcolor=\"#0473aa\"><center><font color=\"white\">126<\/font><\/center><\/td>\r\n<\/tr><tr>\r\n<td bgcolor=\"#ffffff\">\r\n<br>\r\n<center><u><b><font color=black><a href=\"https:\/\/www.soledadedeminas.mg.gov.br\/v1\/download\/decretos_-_2022\/Decreto-Regumenta-a-Lei-do-SIM1.pdf\">2789\/2022<\/font><\/a><\/center><\/u><\/b>\r\n<br>\r\n<font color=black><b>Descri\u00e7\u00e3o:<\/b><br> <p style=\"text-align: justify;\">\u201cDisp\u00f5e sobre a regulamenta\u00e7\u00e3o da Lei Municipal n\u00ba 1.056\/2021, que \u201cdisp\u00f5e sobre a constitui\u00e7\u00e3o do servi\u00e7o de inspe\u00e7\u00e3o municipal e os procedimentos de inspe\u00e7\u00e3o sanit\u00e1ria em estabelecimentos que produzam produtos de origem animal no Munic\u00edpio de Soledade de Minas e d\u00e1 outras provid\u00eancias.\u201d<\/p><\/font><br><br>\r\n<font color=black><b>Downloads:<\/b>  587<\/font><br>\r\n<font color=black><b>Tamanho:<\/b>  2.6 MiB<\/font><br>\r\n<font color=black><b>Data da Publica\u00e7\u00e3o:<\/b> 06\/03\/2023<\/font><br>\r\n<a href=\"https:\/\/www.soledadedeminas.mg.gov.br\/v1\/download\/decretos_-_2022\/Decreto-Regumenta-a-Lei-do-SIM1.pdf\"><b><center><font color=#0f70b7>Clique aqui para realizar o download (formato: pdf)<\/font><\/center><\/b><\/a><br>\r\n<center><img src=\"https:\/\/www.soledadedeminas.mg.gov.br\/v1\/wp-content\/uploads\/2021\/04\/divisor_4.png\"\/><\/center>\r\n<\/td>\r\n<td bgcolor=\"#0473aa\"><center><font color=\"white\">125<\/font><\/center><\/td>\r\n<\/tr><tr>\r\n<td bgcolor=\"#ffffff\">\r\n<br>\r\n<center><u><b><font color=black><a href=\"https:\/\/www.soledadedeminas.mg.gov.br\/v1\/download\/decretos_-_2022\/decreto27741.pdf\">2774\/2022<\/font><\/a><\/center><\/u><\/b>\r\n<br>\r\n<font color=black><b>Descri\u00e7\u00e3o:<\/b><br> <p style=\"text-align: justify;\">\u201cDeclara situa\u00e7\u00e3o anormal caracterizada como \u201cSitua\u00e7\u00e3o de Emerg\u00eancia\u201d no Munic\u00edpio de Soledade de Minas, afetado por fortes chuvas nos dias 06 e 08 de fevereiro de 2022, em virtude do desastre classificado e codificado com \u2013 COBRADE N\u00ba 1.3.2.1.4 \u2013 Chuvas intensas que ocorre com acumulado significativo, causando m\u00faltiplos desastres (ex: inunda\u00e7\u00f5es, movimenta\u00e7\u00e3o de massa e enxurradas, etc.), conforme IN\/MDR N\u00ba 36\/2020, e d\u00e1 outras provid\u00eancias\u201d.<\/p><\/font><br><br>\r\n<font color=black><b>Downloads:<\/b>  304<\/font><br>\r\n<font color=black><b>Tamanho:<\/b>  1.2 MiB<\/font><br>\r\n<font color=black><b>Data da Publica\u00e7\u00e3o:<\/b> 06\/03\/2023<\/font><br>\r\n<a href=\"https:\/\/www.soledadedeminas.mg.gov.br\/v1\/download\/decretos_-_2022\/decreto27741.pdf\"><b><center><font color=#0f70b7>Clique aqui para realizar o download (formato: pdf)<\/font><\/center><\/b><\/a><br>\r\n<center><img src=\"https:\/\/www.soledadedeminas.mg.gov.br\/v1\/wp-content\/uploads\/2021\/04\/divisor_4.png\"\/><\/center>\r\n<\/td>\r\n<td bgcolor=\"#0473aa\"><center><font color=\"white\">124<\/font><\/center><\/td>\r\n<\/tr><tr>\r\n<td bgcolor=\"#ffffff\">\r\n<br>\r\n<center><u><b><font color=black><a href=\"https:\/\/www.soledadedeminas.mg.gov.br\/v1\/download\/decretos_-_2022\/DECRETO2771DE10JANEIRODE20221.pdf\">2771\/2022<\/font><\/a><\/center><\/u><\/b>\r\n<br>\r\n<font color=black><b>Descri\u00e7\u00e3o:<\/b><br> <p style=\"text-align: justify;\">\u201cDisp\u00f5e sobre o cancelamento do Carnaval 2022 no Munic\u00edpio de Soledade de Minas\/MG e d\u00e1 outras provid\u00eancias.\u201d<\/p><\/font><br><br>\r\n<font color=black><b>Downloads:<\/b>  256<\/font><br>\r\n<font color=black><b>Tamanho:<\/b>  500 KiB<\/font><br>\r\n<font color=black><b>Data da Publica\u00e7\u00e3o:<\/b> 06\/03\/2023<\/font><br>\r\n<a href=\"https:\/\/www.soledadedeminas.mg.gov.br\/v1\/download\/decretos_-_2022\/DECRETO2771DE10JANEIRODE20221.pdf\"><b><center><font color=#0f70b7>Clique aqui para realizar o download (formato: pdf)<\/font><\/center><\/b><\/a><br>\r\n<center><img src=\"https:\/\/www.soledadedeminas.mg.gov.br\/v1\/wp-content\/uploads\/2021\/04\/divisor_4.png\"\/><\/center>\r\n<\/td>\r\n<td bgcolor=\"#0473aa\"><center><font color=\"white\">123<\/font><\/center><\/td>\r\n<\/tr><tr>\r\n<td bgcolor=\"#ffffff\">\r\n<br>\r\n<center><u><b><font color=black><a href=\"https:\/\/www.soledadedeminas.mg.gov.br\/v1\/download\/decretos_-_2022\/DECRETO2770DE10DEJANEIRODE20221.pdf\">2770\/2022<\/font><\/a><\/center><\/u><\/b>\r\n<br>\r\n<font color=black><b>Descri\u00e7\u00e3o:<\/b><br> <p style=\"text-align: justify;\">\u201cDeclara situa\u00e7\u00e3o anormal caracterizada como \u201cSitua\u00e7\u00e3o de Emerg\u00eancia\u201d no Munic\u00edpio de Soledade de Minas, afetado por fortes chuvas nos primeiros dias do m\u00eas de janeiro de 2022, em virtude do desastre classificado com \u2013 COBRADE n\u00ba 1.3.2.1.4 Chuvas intensas que ocorre com o acumulado significativo, causando m\u00faltiplos desastres (ex: inunda\u00e7\u00f5es, movimenta\u00e7\u00e3o de massa e enxurrada, etc), conforme IN\/MI n\u00ba 02\/2016, e d\u00e1 outras provid\u00eancias.\u201d<\/p><\/font><br><br>\r\n<font color=black><b>Downloads:<\/b>  214<\/font><br>\r\n<font color=black><b>Tamanho:<\/b>  1.2 MiB<\/font><br>\r\n<font color=black><b>Data da Publica\u00e7\u00e3o:<\/b> 06\/03\/2023<\/font><br>\r\n<a href=\"https:\/\/www.soledadedeminas.mg.gov.br\/v1\/download\/decretos_-_2022\/DECRETO2770DE10DEJANEIRODE20221.pdf\"><b><center><font color=#0f70b7>Clique aqui para realizar o download (formato: pdf)<\/font><\/center><\/b><\/a><br>\r\n<center><img src=\"https:\/\/www.soledadedeminas.mg.gov.br\/v1\/wp-content\/uploads\/2021\/04\/divisor_4.png\"\/><\/center>\r\n<\/td>\r\n<td bgcolor=\"#0473aa\"><center><font color=\"white\">122<\/font><\/center><\/td>\r\n<\/tr><tr>\r\n<td bgcolor=\"#ffffff\">\r\n<br>\r\n<center><u><b><font color=black><a href=\"https:\/\/www.soledadedeminas.mg.gov.br\/v1\/download\/decretos_-_2022\/img138.pdf\">Img138<\/font><\/a><\/center><\/u><\/b>\r\n<br>\r\n<font color=black><b>Descri\u00e7\u00e3o:<\/b><br> <\/font><br><br>\r\n<font color=black><b>Downloads:<\/b>  271<\/font><br>\r\n<font color=black><b>Tamanho:<\/b>  538 KiB<\/font><br>\r\n<font color=black><b>Data da Publica\u00e7\u00e3o:<\/b> 05\/12\/2022<\/font><br>\r\n<a href=\"https:\/\/www.soledadedeminas.mg.gov.br\/v1\/download\/decretos_-_2022\/img138.pdf\"><b><center><font color=#0f70b7>Clique aqui para realizar o download (formato: pdf)<\/font><\/center><\/b><\/a><br>\r\n<center><img src=\"https:\/\/www.soledadedeminas.mg.gov.br\/v1\/wp-content\/uploads\/2021\/04\/divisor_4.png\"\/><\/center>\r\n<\/td>\r\n<td bgcolor=\"#0473aa\"><center><font color=\"white\">92<\/font><\/center><\/td>\r\n<\/tr><\/tbody>\r\n<\/table>\r\n<script type=\"text\/javascript\" charset=\"utf-8\">\r\n\tjQuery(document).ready(function() {\r\n\t\tjQuery('#wpfb-data-table-69f383c69459b').dataTable((function(options){ var wpfbOptions = {\"aaSorting\":[[1,\"desc\"]]};  if('object' == typeof(options)) { for (var v in options) { wpfbOptions[v] = options[v]; } } return wpfbOptions; })());\r\n\t} );\r\n<\/script>\n<\/div><div class=\"nav fusion-mobile-tab-nav\"><ul class=\"nav-tabs nav-justified\"><li><a class=\"tab-link\" data-toggle=\"tab\" role=\"tab\" aria-controls=\"tab-8c822325c8c8a7c5a99\" aria-selected=\"false\" tabindex=\"-1\" id=\"mobile-fusion-tab-2021\" href=\"#tab-8c822325c8c8a7c5a99\"><h4 class=\"fusion-tab-heading\"><i class=\"fontawesome-icon fa-folder fas\" aria-hidden=\"true\" style=\"font-size:16px;\"><\/i>2021<\/h4><\/a><\/li><\/ul><\/div><div class=\"tab-pane fade fusion-clearfix\" role=\"tabpanel\" tabindex=\"0\" aria-labelledby=\"fusion-tab-2021\" id=\"tab-8c822325c8c8a7c5a99\">\n\r\n\r\n<table id=\"wpfb-data-table-69f383c696e59\">\r\n<thead>\r\n\t<tr><th scope=\"col\">DOCUMENTOS PUBLICADOS<\/th><th scope=\"col\">ID<\/th><\/tr>\r\n<\/thead>\r\n<tbody><tr>\r\n<td bgcolor=\"#ffffff\">\r\n<br>\r\n<center><u><b><font color=black><a href=\"https:\/\/www.soledadedeminas.mg.gov.br\/v1\/download\/decretos_-_2021\/DECRETO2768DE30DEDEZEMBRODE20211.pdf\">2768\/2021<\/font><\/a><\/center><\/u><\/b>\r\n<br>\r\n<font color=black><b>Descri\u00e7\u00e3o:<\/b><br> <p style=\"text-align: justify;\">\u201cDisp\u00f5e sobre prorroga\u00e7\u00e3o do prazo de vig\u00eancia do ESTADO DE CALAMIDADE P\u00daBLICA, at\u00e9 30 de junho de 2022, no \u00e2mbito do Munic\u00edpio de Soledade de Minas \u2013 Estado de Minas Gerais, em decorr\u00eanciada pandemia causada pelo agente coronav\u00edrus (COVID-19) e d\u00e1 outras provid\u00eancias.\u201d<\/p><\/font><br><br>\r\n<font color=black><b>Downloads:<\/b>  225<\/font><br>\r\n<font color=black><b>Tamanho:<\/b>  1.0 MiB<\/font><br>\r\n<font color=black><b>Data da Publica\u00e7\u00e3o:<\/b> 06\/03\/2023<\/font><br>\r\n<a href=\"https:\/\/www.soledadedeminas.mg.gov.br\/v1\/download\/decretos_-_2021\/DECRETO2768DE30DEDEZEMBRODE20211.pdf\"><b><center><font color=#0f70b7>Clique aqui para realizar o download (formato: pdf)<\/font><\/center><\/b><\/a><br>\r\n<center><img src=\"https:\/\/www.soledadedeminas.mg.gov.br\/v1\/wp-content\/uploads\/2021\/04\/divisor_4.png\"\/><\/center>\r\n<\/td>\r\n<td bgcolor=\"#0473aa\"><center><font color=\"white\">121<\/font><\/center><\/td>\r\n<\/tr><tr>\r\n<td bgcolor=\"#ffffff\">\r\n<br>\r\n<center><u><b><font color=black><a href=\"https:\/\/www.soledadedeminas.mg.gov.br\/v1\/download\/decretos_-_2021\/DECRETO_27491.pdf\">2749\/2021<\/font><\/a><\/center><\/u><\/b>\r\n<br>\r\n<font color=black><b>Descri\u00e7\u00e3o:<\/b><br> <p style=\"text-align: justify;\">\u201cDisp\u00f5e sobre as novas medidas no per\u00edodo de combate ao surto do Coronav\u00edrus \u2013 COVID-19, durante a fase da \u201cOnda Verde\u201d, nas atividades econ\u00f4micas e religiosas desenvolvidas no Munic\u00edpio de Soledade de Minas\/MG e cont\u00e9m outras provid\u00eancias.\u201d<\/p><\/font><br><br>\r\n<font color=black><b>Downloads:<\/b>  169<\/font><br>\r\n<font color=black><b>Tamanho:<\/b>  1.4 MiB<\/font><br>\r\n<font color=black><b>Data da Publica\u00e7\u00e3o:<\/b> 06\/03\/2023<\/font><br>\r\n<a href=\"https:\/\/www.soledadedeminas.mg.gov.br\/v1\/download\/decretos_-_2021\/DECRETO_27491.pdf\"><b><center><font color=#0f70b7>Clique aqui para realizar o download (formato: pdf)<\/font><\/center><\/b><\/a><br>\r\n<center><img src=\"https:\/\/www.soledadedeminas.mg.gov.br\/v1\/wp-content\/uploads\/2021\/04\/divisor_4.png\"\/><\/center>\r\n<\/td>\r\n<td bgcolor=\"#0473aa\"><center><font color=\"white\">120<\/font><\/center><\/td>\r\n<\/tr><tr>\r\n<td bgcolor=\"#ffffff\">\r\n<br>\r\n<center><u><b><font color=black><a href=\"https:\/\/www.soledadedeminas.mg.gov.br\/v1\/download\/decretos_-_2021\/DECRETO-2.7261.pdf\">2726\/2021<\/font><\/a><\/center><\/u><\/b>\r\n<br>\r\n<font color=black><b>Descri\u00e7\u00e3o:<\/b><br> <p style=\"text-align: justify;\">\u201cDisp\u00f5e sobre a ado\u00e7\u00e3o de medidas restritivas de combate ao surto do Novo Coronav\u00edrus \u2013 COVID-19, durante o per\u00edodo da \u201cOnda Verde\u201d, nas atividades econ\u00f4micas e religiosas desevolvidas no Munic\u00edpio de Soledade de Minas\/MG e cont\u00e9m outras provid\u00eancias.\u201d<\/p><\/font><br><br>\r\n<font color=black><b>Downloads:<\/b>  188<\/font><br>\r\n<font color=black><b>Tamanho:<\/b>  1.2 MiB<\/font><br>\r\n<font color=black><b>Data da Publica\u00e7\u00e3o:<\/b> 06\/03\/2023<\/font><br>\r\n<a href=\"https:\/\/www.soledadedeminas.mg.gov.br\/v1\/download\/decretos_-_2021\/DECRETO-2.7261.pdf\"><b><center><font color=#0f70b7>Clique aqui para realizar o download (formato: pdf)<\/font><\/center><\/b><\/a><br>\r\n<center><img src=\"https:\/\/www.soledadedeminas.mg.gov.br\/v1\/wp-content\/uploads\/2021\/04\/divisor_4.png\"\/><\/center>\r\n<\/td>\r\n<td bgcolor=\"#0473aa\"><center><font color=\"white\">119<\/font><\/center><\/td>\r\n<\/tr><tr>\r\n<td bgcolor=\"#ffffff\">\r\n<br>\r\n<center><u><b><font color=black><a href=\"https:\/\/www.soledadedeminas.mg.gov.br\/v1\/download\/decretos_-_2021\/decreto_270820211.pdf\">2708\/2021<\/font><\/a><\/center><\/u><\/b>\r\n<br>\r\n<font color=black><b>Descri\u00e7\u00e3o:<\/b><br> <p style=\"text-align: justify;\">\u201cDisp\u00f5e sobre os novos hor\u00e1rios de funcionamento das atividades econ\u00f4micas e religiosas desenvolvidas no Munic\u00edpio de Soledade de Minas\/mg, durante o per\u00edodo de calamidade em Sa\u00fade P\u00fablica, oriunda da COVID-19 e cont\u00e9m outras provid\u00eancias.\u201d<\/p><\/font><br><br>\r\n<font color=black><b>Downloads:<\/b>  184<\/font><br>\r\n<font color=black><b>Tamanho:<\/b>  1.0 MiB<\/font><br>\r\n<font color=black><b>Data da Publica\u00e7\u00e3o:<\/b> 06\/03\/2023<\/font><br>\r\n<a href=\"https:\/\/www.soledadedeminas.mg.gov.br\/v1\/download\/decretos_-_2021\/decreto_270820211.pdf\"><b><center><font color=#0f70b7>Clique aqui para realizar o download (formato: pdf)<\/font><\/center><\/b><\/a><br>\r\n<center><img src=\"https:\/\/www.soledadedeminas.mg.gov.br\/v1\/wp-content\/uploads\/2021\/04\/divisor_4.png\"\/><\/center>\r\n<\/td>\r\n<td bgcolor=\"#0473aa\"><center><font color=\"white\">118<\/font><\/center><\/td>\r\n<\/tr><tr>\r\n<td bgcolor=\"#ffffff\">\r\n<br>\r\n<center><u><b><font color=black><a href=\"https:\/\/www.soledadedeminas.mg.gov.br\/v1\/download\/decretos_-_2021\/decreto_2705_090620211.pdf\">2705\/2021<\/font><\/a><\/center><\/u><\/b>\r\n<br>\r\n<font color=black><b>Descri\u00e7\u00e3o:<\/b><br> <p style=\"text-align: justify;\">\u201cDisp\u00f5e sobre a ado\u00e7\u00e3o de medidas restritivas de combate ao surto do Novo Coronav\u00edrus \u2013 COVID-19, durante o per\u00edodo da Onda Vermelha, nas atividades econ\u00f4micas e religiosas desenvolvidas no Munic\u00edpio de Soledade de Minas\/MG e cont\u00e9m outras provid\u00eancias.\u201d<\/p><\/font><br><br>\r\n<font color=black><b>Downloads:<\/b>  208<\/font><br>\r\n<font color=black><b>Tamanho:<\/b>  968 KiB<\/font><br>\r\n<font color=black><b>Data da Publica\u00e7\u00e3o:<\/b> 06\/03\/2023<\/font><br>\r\n<a href=\"https:\/\/www.soledadedeminas.mg.gov.br\/v1\/download\/decretos_-_2021\/decreto_2705_090620211.pdf\"><b><center><font color=#0f70b7>Clique aqui para realizar o download (formato: pdf)<\/font><\/center><\/b><\/a><br>\r\n<center><img src=\"https:\/\/www.soledadedeminas.mg.gov.br\/v1\/wp-content\/uploads\/2021\/04\/divisor_4.png\"\/><\/center>\r\n<\/td>\r\n<td bgcolor=\"#0473aa\"><center><font color=\"white\">117<\/font><\/center><\/td>\r\n<\/tr><tr>\r\n<td bgcolor=\"#ffffff\">\r\n<br>\r\n<center><u><b><font color=black><a href=\"https:\/\/www.soledadedeminas.mg.gov.br\/v1\/download\/decretos_-_2021\/Decreto-Municipal-no-2.698-de-2021-Dispoe-sobre-o-funcionamento-das-atividades-economicas-e-religiosas-durante-a-vigencia-do-Protocolo-Onda-Roxa1.pdf\">2698\/2021<\/font><\/a><\/center><\/u><\/b>\r\n<br>\r\n<font color=black><b>Descri\u00e7\u00e3o:<\/b><br> <p style=\"text-align: justify;\">\u201cDisp\u00f5e sobre o funcionamento das atividades econ\u00f4micas e religiosas durante a Protocolo Onda Roxa em Biosseguran\u00e7a Sanit\u00e1ria-Epidemiol\u00f3gica do Estado Minas Gerais, durante o per\u00edodo de Calamidade P\u00fablica ocasionada pela COVID-19 no Munic\u00edpio de Soledade de Minas\/MG e cont\u00e9m outras provid\u00eancias.\u201d<\/p><\/font><br><br>\r\n<font color=black><b>Downloads:<\/b>  259<\/font><br>\r\n<font color=black><b>Tamanho:<\/b>  2.2 MiB<\/font><br>\r\n<font color=black><b>Data da Publica\u00e7\u00e3o:<\/b> 06\/03\/2023<\/font><br>\r\n<a href=\"https:\/\/www.soledadedeminas.mg.gov.br\/v1\/download\/decretos_-_2021\/Decreto-Municipal-no-2.698-de-2021-Dispoe-sobre-o-funcionamento-das-atividades-economicas-e-religiosas-durante-a-vigencia-do-Protocolo-Onda-Roxa1.pdf\"><b><center><font color=#0f70b7>Clique aqui para realizar o download (formato: pdf)<\/font><\/center><\/b><\/a><br>\r\n<center><img src=\"https:\/\/www.soledadedeminas.mg.gov.br\/v1\/wp-content\/uploads\/2021\/04\/divisor_4.png\"\/><\/center>\r\n<\/td>\r\n<td bgcolor=\"#0473aa\"><center><font color=\"white\">116<\/font><\/center><\/td>\r\n<\/tr><tr>\r\n<td bgcolor=\"#ffffff\">\r\n<br>\r\n<center><u><b><font color=black><a href=\"https:\/\/www.soledadedeminas.mg.gov.br\/v1\/download\/decretos_-_2021\/Decreto-Municipal-Dispoe-sobre-a-adocao-das-medidas-do-Protocolo-Onda-Roxa-11.pdf\">2695\/2021<\/font><\/a><\/center><\/u><\/b>\r\n<br>\r\n<font color=black><b>Descri\u00e7\u00e3o:<\/b><br> <p style=\"text-align: justify;\">\u201cDisp\u00f5e sobre a adoa\u00e7\u00e3o das medidas do Protocolo Onda Roxa em Biosseguran\u00e7a Sanit\u00e1ria-Epidemiol\u00f3gica do Estado Minas Gerais, durante o per\u00edodo de Calamidade P\u00fablica ocasionada pela COVID-19 no Munic\u00edpio de Soledade de Minas\/MG e cont\u00e9m outras provid\u00eancias.\u201d<\/p><\/font><br><br>\r\n<font color=black><b>Downloads:<\/b>  203<\/font><br>\r\n<font color=black><b>Tamanho:<\/b>  1.5 MiB<\/font><br>\r\n<font color=black><b>Data da Publica\u00e7\u00e3o:<\/b> 06\/03\/2023<\/font><br>\r\n<a href=\"https:\/\/www.soledadedeminas.mg.gov.br\/v1\/download\/decretos_-_2021\/Decreto-Municipal-Dispoe-sobre-a-adocao-das-medidas-do-Protocolo-Onda-Roxa-11.pdf\"><b><center><font color=#0f70b7>Clique aqui para realizar o download (formato: pdf)<\/font><\/center><\/b><\/a><br>\r\n<center><img src=\"https:\/\/www.soledadedeminas.mg.gov.br\/v1\/wp-content\/uploads\/2021\/04\/divisor_4.png\"\/><\/center>\r\n<\/td>\r\n<td bgcolor=\"#0473aa\"><center><font color=\"white\">115<\/font><\/center><\/td>\r\n<\/tr><tr>\r\n<td bgcolor=\"#ffffff\">\r\n<br>\r\n<center><u><b><font color=black><a href=\"https:\/\/www.soledadedeminas.mg.gov.br\/v1\/download\/decretos_-_2021\/DECRETO-N26911.pdf\">2691\/2021<\/font><\/a><\/center><\/u><\/b>\r\n<br>\r\n<font color=black><b>Descri\u00e7\u00e3o:<\/b><br> <p style=\"text-align: justify;\">\u201cDisp\u00f5e sobre medidas de combate ao surto do novo Coronav\u00edrus, causador da COVID-19, nas atividades econ\u00f4micas e religiosas desenvolvidas no Munic\u00edpio de Soledade de Minas\/MG e cont\u00e9m outras provid\u00eancias.\u201d<\/p><\/font><br><br>\r\n<font color=black><b>Downloads:<\/b>  281<\/font><br>\r\n<font color=black><b>Tamanho:<\/b>  1.6 MiB<\/font><br>\r\n<font color=black><b>Data da Publica\u00e7\u00e3o:<\/b> 06\/03\/2023<\/font><br>\r\n<a href=\"https:\/\/www.soledadedeminas.mg.gov.br\/v1\/download\/decretos_-_2021\/DECRETO-N26911.pdf\"><b><center><font color=#0f70b7>Clique aqui para realizar o download (formato: pdf)<\/font><\/center><\/b><\/a><br>\r\n<center><img src=\"https:\/\/www.soledadedeminas.mg.gov.br\/v1\/wp-content\/uploads\/2021\/04\/divisor_4.png\"\/><\/center>\r\n<\/td>\r\n<td bgcolor=\"#0473aa\"><center><font color=\"white\">114<\/font><\/center><\/td>\r\n<\/tr><\/tbody>\r\n<\/table>\r\n<script type=\"text\/javascript\" charset=\"utf-8\">\r\n\tjQuery(document).ready(function() {\r\n\t\tjQuery('#wpfb-data-table-69f383c696e59').dataTable((function(options){ var wpfbOptions = {\"aaSorting\":[[1,\"desc\"]]};  if('object' == typeof(options)) { for (var v in options) { wpfbOptions[v] = options[v]; } } return wpfbOptions; })());\r\n\t} );\r\n<\/script>\n<\/div><div class=\"nav fusion-mobile-tab-nav\"><ul class=\"nav-tabs nav-justified\"><li><a class=\"tab-link\" data-toggle=\"tab\" role=\"tab\" aria-controls=\"tab-2ce19408a3214781576\" aria-selected=\"false\" tabindex=\"-1\" id=\"mobile-fusion-tab-2020\" href=\"#tab-2ce19408a3214781576\"><h4 class=\"fusion-tab-heading\"><i class=\"fontawesome-icon fa-folder fas\" aria-hidden=\"true\" style=\"font-size:16px;\"><\/i>2020<\/h4><\/a><\/li><\/ul><\/div><div class=\"tab-pane fade fusion-clearfix\" role=\"tabpanel\" tabindex=\"0\" aria-labelledby=\"fusion-tab-2020\" id=\"tab-2ce19408a3214781576\">\n\r\n\r\n<table id=\"wpfb-data-table-69f383c69a094\">\r\n<thead>\r\n\t<tr><th scope=\"col\">DOCUMENTOS PUBLICADOS<\/th><th scope=\"col\">ID<\/th><\/tr>\r\n<\/thead>\r\n<tbody><tr>\r\n<td bgcolor=\"#ffffff\">\r\n<br>\r\n<center><u><b><font color=black><a href=\"https:\/\/www.soledadedeminas.mg.gov.br\/v1\/download\/decretos_-_2020\/13.04.2020-Decreto-de-Calamidade-Publica-Municipio-de-Soledade-de-Minas1.pdf\">2609\/2020<\/font><\/a><\/center><\/u><\/b>\r\n<br>\r\n<font color=black><b>Descri\u00e7\u00e3o:<\/b><br> <p style=\"text-align: justify;\">\u201cDeclara ESTADO DE CALAMIDADE P\u00daBLICA, no \u00e2mbito do Munic\u00edpio de Soledade de Minas \u2013 Estado de Minas Gerais, em decorr\u00eancia surto da doen\u00e7a viral respirat\u00f3ria \u2013 COVDID-19, causada pelo agente Novo Coronav\u00edrus e d\u00e1 outras provid\u00eancias.\u201d<\/p><\/font><br><br>\r\n<font color=black><b>Downloads:<\/b>  328<\/font><br>\r\n<font color=black><b>Tamanho:<\/b>  1.2 MiB<\/font><br>\r\n<font color=black><b>Data da Publica\u00e7\u00e3o:<\/b> 06\/03\/2023<\/font><br>\r\n<a href=\"https:\/\/www.soledadedeminas.mg.gov.br\/v1\/download\/decretos_-_2020\/13.04.2020-Decreto-de-Calamidade-Publica-Municipio-de-Soledade-de-Minas1.pdf\"><b><center><font color=#0f70b7>Clique aqui para realizar o download (formato: pdf)<\/font><\/center><\/b><\/a><br>\r\n<center><img src=\"https:\/\/www.soledadedeminas.mg.gov.br\/v1\/wp-content\/uploads\/2021\/04\/divisor_4.png\"\/><\/center>\r\n<\/td>\r\n<td bgcolor=\"#0473aa\"><center><font color=\"white\">113<\/font><\/center><\/td>\r\n<\/tr><tr>\r\n<td bgcolor=\"#ffffff\">\r\n<br>\r\n<center><u><b><font color=black><a href=\"https:\/\/www.soledadedeminas.mg.gov.br\/v1\/download\/decretos_-_2020\/08.04.2020-Decreto-Municipal-Novos-Horarios-de-Funcionamento-do-Comercio1.pdf\">2607\/2020<\/font><\/a><\/center><\/u><\/b>\r\n<br>\r\n<font color=black><b>Descri\u00e7\u00e3o:<\/b><br> <p style=\"text-align: justify;\">\u201cDisp\u00f5e sobre os novos hor\u00e1rios de funcionamento do Com\u00e9rcio no per\u00edodo do ESTADO DE EMERG\u00caNCIA EM SA\u00daDE P\u00daBLICA, no \u00e2mbito do Munic\u00edpio de Soledade de Minas \u2013 Estado de Minas Gerais, em decorr\u00eancia do Coronav\u00edrus \u2013 COVDID-19, realiza a ado\u00e7\u00e3o de novas medidas e d\u00e1 outras provid\u00eancias.\u201d<\/p><\/font><br><br>\r\n<font color=black><b>Downloads:<\/b>  201<\/font><br>\r\n<font color=black><b>Tamanho:<\/b>  835 KiB<\/font><br>\r\n<font color=black><b>Data da Publica\u00e7\u00e3o:<\/b> 06\/03\/2023<\/font><br>\r\n<a href=\"https:\/\/www.soledadedeminas.mg.gov.br\/v1\/download\/decretos_-_2020\/08.04.2020-Decreto-Municipal-Novos-Horarios-de-Funcionamento-do-Comercio1.pdf\"><b><center><font color=#0f70b7>Clique aqui para realizar o download (formato: pdf)<\/font><\/center><\/b><\/a><br>\r\n<center><img src=\"https:\/\/www.soledadedeminas.mg.gov.br\/v1\/wp-content\/uploads\/2021\/04\/divisor_4.png\"\/><\/center>\r\n<\/td>\r\n<td bgcolor=\"#0473aa\"><center><font color=\"white\">112<\/font><\/center><\/td>\r\n<\/tr><tr>\r\n<td bgcolor=\"#ffffff\">\r\n<br>\r\n<center><u><b><font color=black><a href=\"https:\/\/www.soledadedeminas.mg.gov.br\/v1\/download\/decretos_-_2020\/Decreto-Municipal-Adota-Novas-Medidas-Estado-de-Emergencia-Coronavirus-21.pdf\">2602\/2020<\/font><\/a><\/center><\/u><\/b>\r\n<br>\r\n<font color=black><b>Descri\u00e7\u00e3o:<\/b><br> <p style=\"text-align: justify;\">\u201cDeclara SITUA\u00c7\u00c3O DE EMERG\u00caNCIA EM SA\u00daDE P\u00daBLICA, no \u00e2mbito do Munic\u00edpio de Soledade de Minas \u2013 Estado de Minas Gerais, em decorr\u00eancia do Coronav\u00edrus \u2013 COVDID-19, realiza a ado\u00e7\u00e3o de novas medidas e d\u00e1 outras provid\u00eancias.\u201d<\/p><\/font><br><br>\r\n<font color=black><b>Downloads:<\/b>  243<\/font><br>\r\n<font color=black><b>Tamanho:<\/b>  972 KiB<\/font><br>\r\n<font color=black><b>Data da Publica\u00e7\u00e3o:<\/b> 06\/03\/2023<\/font><br>\r\n<a href=\"https:\/\/www.soledadedeminas.mg.gov.br\/v1\/download\/decretos_-_2020\/Decreto-Municipal-Adota-Novas-Medidas-Estado-de-Emergencia-Coronavirus-21.pdf\"><b><center><font color=#0f70b7>Clique aqui para realizar o download (formato: pdf)<\/font><\/center><\/b><\/a><br>\r\n<center><img src=\"https:\/\/www.soledadedeminas.mg.gov.br\/v1\/wp-content\/uploads\/2021\/04\/divisor_4.png\"\/><\/center>\r\n<\/td>\r\n<td bgcolor=\"#0473aa\"><center><font color=\"white\">111<\/font><\/center><\/td>\r\n<\/tr><tr>\r\n<td bgcolor=\"#ffffff\">\r\n<br>\r\n<center><u><b><font color=black><a href=\"https:\/\/www.soledadedeminas.mg.gov.br\/v1\/download\/decretos_-_2020\/Decreto-do-Municipio-de-Soledade-de-Minas-Declara-Estado-de-Emergencia-ocasinado-pela-Pandemia-do-Coronavirus1_2.pdf\">2600\/2020<\/font><\/a><\/center><\/u><\/b>\r\n<br>\r\n<font color=black><b>Descri\u00e7\u00e3o:<\/b><br> \u201cDeclara SITUA\u00c7\u00c3O DE EMERG\u00caNCIA EM SA\u00daDE P\u00daBLICA, no \u00e2mbito do Munic\u00edpio de Soledade de Minas \u2013 Estado de Minas Gerais, em decorr\u00eancia do surto da doen\u00e7a viral respirat\u00f3ria \u2013 COVID-19, causada pelo agente Novo Coronav\u00edrus e d\u00e1 outras provid\u00eancias.\u201d<\/font><br><br>\r\n<font color=black><b>Downloads:<\/b>  296<\/font><br>\r\n<font color=black><b>Tamanho:<\/b>  1.3 MiB<\/font><br>\r\n<font color=black><b>Data da Publica\u00e7\u00e3o:<\/b> 06\/03\/2023<\/font><br>\r\n<a href=\"https:\/\/www.soledadedeminas.mg.gov.br\/v1\/download\/decretos_-_2020\/Decreto-do-Municipio-de-Soledade-de-Minas-Declara-Estado-de-Emergencia-ocasinado-pela-Pandemia-do-Coronavirus1_2.pdf\"><b><center><font color=#0f70b7>Clique aqui para realizar o download (formato: pdf)<\/font><\/center><\/b><\/a><br>\r\n<center><img src=\"https:\/\/www.soledadedeminas.mg.gov.br\/v1\/wp-content\/uploads\/2021\/04\/divisor_4.png\"\/><\/center>\r\n<\/td>\r\n<td bgcolor=\"#0473aa\"><center><font color=\"white\">110<\/font><\/center><\/td>\r\n<\/tr><\/tbody>\r\n<\/table>\r\n<script type=\"text\/javascript\" charset=\"utf-8\">\r\n\tjQuery(document).ready(function() {\r\n\t\tjQuery('#wpfb-data-table-69f383c69a094').dataTable((function(options){ var wpfbOptions = {\"aaSorting\":[[1,\"desc\"]]};  if('object' == typeof(options)) { for (var v in options) { wpfbOptions[v] = options[v]; } } return wpfbOptions; })());\r\n\t} );\r\n<\/script>\n<\/div><div class=\"nav fusion-mobile-tab-nav\"><ul class=\"nav-tabs nav-justified\"><li><a class=\"tab-link\" data-toggle=\"tab\" role=\"tab\" aria-controls=\"tab-683aab1bcfca38f7844\" aria-selected=\"false\" tabindex=\"-1\" id=\"mobile-fusion-tab-2019\" href=\"#tab-683aab1bcfca38f7844\"><h4 class=\"fusion-tab-heading\"><i class=\"fontawesome-icon fa-folder fas\" aria-hidden=\"true\" style=\"font-size:16px;\"><\/i>2019<\/h4><\/a><\/li><\/ul><\/div><div class=\"tab-pane fade fusion-clearfix\" role=\"tabpanel\" tabindex=\"0\" aria-labelledby=\"fusion-tab-2019\" id=\"tab-683aab1bcfca38f7844\"><\/div><div class=\"nav fusion-mobile-tab-nav\"><ul class=\"nav-tabs nav-justified\"><li><a class=\"tab-link\" data-toggle=\"tab\" role=\"tab\" aria-controls=\"tab-3d9fc8f7ec8a8c0ac2a\" aria-selected=\"false\" tabindex=\"-1\" id=\"mobile-fusion-tab-2018\" href=\"#tab-3d9fc8f7ec8a8c0ac2a\"><h4 class=\"fusion-tab-heading\"><i class=\"fontawesome-icon fa-folder fas\" aria-hidden=\"true\" style=\"font-size:16px;\"><\/i>2018<\/h4><\/a><\/li><\/ul><\/div><div class=\"tab-pane fade fusion-clearfix\" role=\"tabpanel\" tabindex=\"0\" aria-labelledby=\"fusion-tab-2018\" id=\"tab-3d9fc8f7ec8a8c0ac2a\">\n\r\n\r\n<table id=\"wpfb-data-table-69f383c69c291\">\r\n<thead>\r\n\t<tr><th scope=\"col\">DOCUMENTOS PUBLICADOS<\/th><th scope=\"col\">ID<\/th><\/tr>\r\n<\/thead>\r\n<tbody><tr>\r\n<td bgcolor=\"#ffffff\">\r\n<br>\r\n<center><u><b><font color=black><a href=\"https:\/\/www.soledadedeminas.mg.gov.br\/v1\/download\/decretos_-_2018\/2479.pdf\">2479\/2018<\/font><\/a><\/center><\/u><\/b>\r\n<br>\r\n<font color=black><b>Descri\u00e7\u00e3o:<\/b><br> Cr\u00e9dito Adicional Suplementar<\/font><br><br>\r\n<font color=black><b>Downloads:<\/b>  186<\/font><br>\r\n<font color=black><b>Tamanho:<\/b>  454 KiB<\/font><br>\r\n<font color=black><b>Data da Publica\u00e7\u00e3o:<\/b> 30\/04\/2021<\/font><br>\r\n<a href=\"https:\/\/www.soledadedeminas.mg.gov.br\/v1\/download\/decretos_-_2018\/2479.pdf\"><b><center><font color=#0f70b7>Clique aqui para realizar o download (formato: pdf)<\/font><\/center><\/b><\/a><br>\r\n<center><img src=\"https:\/\/www.soledadedeminas.mg.gov.br\/v1\/wp-content\/uploads\/2021\/04\/divisor_4.png\"\/><\/center>\r\n<\/td>\r\n<td bgcolor=\"#0473aa\"><center><font color=\"white\">41<\/font><\/center><\/td>\r\n<\/tr><tr>\r\n<td bgcolor=\"#ffffff\">\r\n<br>\r\n<center><u><b><font color=black><a href=\"https:\/\/www.soledadedeminas.mg.gov.br\/v1\/download\/decretos_-_2018\/2477.pdf\">2477\/2018<\/font><\/a><\/center><\/u><\/b>\r\n<br>\r\n<font color=black><b>Descri\u00e7\u00e3o:<\/b><br> Cr\u00e9dito Adicional Suplementar<\/font><br><br>\r\n<font color=black><b>Downloads:<\/b>  225<\/font><br>\r\n<font color=black><b>Tamanho:<\/b>  274 KiB<\/font><br>\r\n<font color=black><b>Data da Publica\u00e7\u00e3o:<\/b> 30\/04\/2021<\/font><br>\r\n<a href=\"https:\/\/www.soledadedeminas.mg.gov.br\/v1\/download\/decretos_-_2018\/2477.pdf\"><b><center><font color=#0f70b7>Clique aqui para realizar o download (formato: pdf)<\/font><\/center><\/b><\/a><br>\r\n<center><img src=\"https:\/\/www.soledadedeminas.mg.gov.br\/v1\/wp-content\/uploads\/2021\/04\/divisor_4.png\"\/><\/center>\r\n<\/td>\r\n<td bgcolor=\"#0473aa\"><center><font color=\"white\">40<\/font><\/center><\/td>\r\n<\/tr><tr>\r\n<td bgcolor=\"#ffffff\">\r\n<br>\r\n<center><u><b><font color=black><a href=\"https:\/\/www.soledadedeminas.mg.gov.br\/v1\/download\/decretos_-_2018\/2476.pdf\">2476\/2018<\/font><\/a><\/center><\/u><\/b>\r\n<br>\r\n<font color=black><b>Descri\u00e7\u00e3o:<\/b><br> Cr\u00e9dito Adicional Suplementar<\/font><br><br>\r\n<font color=black><b>Downloads:<\/b>  203<\/font><br>\r\n<font color=black><b>Tamanho:<\/b>  576 KiB<\/font><br>\r\n<font color=black><b>Data da Publica\u00e7\u00e3o:<\/b> 30\/04\/2021<\/font><br>\r\n<a href=\"https:\/\/www.soledadedeminas.mg.gov.br\/v1\/download\/decretos_-_2018\/2476.pdf\"><b><center><font color=#0f70b7>Clique aqui para realizar o download (formato: pdf)<\/font><\/center><\/b><\/a><br>\r\n<center><img src=\"https:\/\/www.soledadedeminas.mg.gov.br\/v1\/wp-content\/uploads\/2021\/04\/divisor_4.png\"\/><\/center>\r\n<\/td>\r\n<td bgcolor=\"#0473aa\"><center><font color=\"white\">39<\/font><\/center><\/td>\r\n<\/tr><tr>\r\n<td bgcolor=\"#ffffff\">\r\n<br>\r\n<center><u><b><font color=black><a href=\"https:\/\/www.soledadedeminas.mg.gov.br\/v1\/download\/decretos_-_2018\/2475.pdf\">2475\/2018<\/font><\/a><\/center><\/u><\/b>\r\n<br>\r\n<font color=black><b>Descri\u00e7\u00e3o:<\/b><br> Cr\u00e9dito Adicional Suplementar<\/font><br><br>\r\n<font color=black><b>Downloads:<\/b>  253<\/font><br>\r\n<font color=black><b>Tamanho:<\/b>  343 KiB<\/font><br>\r\n<font color=black><b>Data da Publica\u00e7\u00e3o:<\/b> 30\/04\/2021<\/font><br>\r\n<a href=\"https:\/\/www.soledadedeminas.mg.gov.br\/v1\/download\/decretos_-_2018\/2475.pdf\"><b><center><font color=#0f70b7>Clique aqui para realizar o download (formato: pdf)<\/font><\/center><\/b><\/a><br>\r\n<center><img src=\"https:\/\/www.soledadedeminas.mg.gov.br\/v1\/wp-content\/uploads\/2021\/04\/divisor_4.png\"\/><\/center>\r\n<\/td>\r\n<td bgcolor=\"#0473aa\"><center><font color=\"white\">38<\/font><\/center><\/td>\r\n<\/tr><tr>\r\n<td bgcolor=\"#ffffff\">\r\n<br>\r\n<center><u><b><font color=black><a href=\"https:\/\/www.soledadedeminas.mg.gov.br\/v1\/download\/decretos_-_2018\/2474.pdf\">2474\/2018<\/font><\/a><\/center><\/u><\/b>\r\n<br>\r\n<font color=black><b>Descri\u00e7\u00e3o:<\/b><br> Cr\u00e9dito Adicional Suplementar<\/font><br><br>\r\n<font color=black><b>Downloads:<\/b>  294<\/font><br>\r\n<font color=black><b>Tamanho:<\/b>  332 KiB<\/font><br>\r\n<font color=black><b>Data da Publica\u00e7\u00e3o:<\/b> 30\/04\/2021<\/font><br>\r\n<a href=\"https:\/\/www.soledadedeminas.mg.gov.br\/v1\/download\/decretos_-_2018\/2474.pdf\"><b><center><font color=#0f70b7>Clique aqui para realizar o download (formato: pdf)<\/font><\/center><\/b><\/a><br>\r\n<center><img src=\"https:\/\/www.soledadedeminas.mg.gov.br\/v1\/wp-content\/uploads\/2021\/04\/divisor_4.png\"\/><\/center>\r\n<\/td>\r\n<td bgcolor=\"#0473aa\"><center><font color=\"white\">37<\/font><\/center><\/td>\r\n<\/tr><tr>\r\n<td bgcolor=\"#ffffff\">\r\n<br>\r\n<center><u><b><font color=black><a href=\"https:\/\/www.soledadedeminas.mg.gov.br\/v1\/download\/decretos_-_2018\/2473.pdf\">2473\/2018<\/font><\/a><\/center><\/u><\/b>\r\n<br>\r\n<font color=black><b>Descri\u00e7\u00e3o:<\/b><br> Cr\u00e9dito Adicional Suplementar<\/font><br><br>\r\n<font color=black><b>Downloads:<\/b>  243<\/font><br>\r\n<font color=black><b>Tamanho:<\/b>  358 KiB<\/font><br>\r\n<font color=black><b>Data da Publica\u00e7\u00e3o:<\/b> 30\/04\/2021<\/font><br>\r\n<a href=\"https:\/\/www.soledadedeminas.mg.gov.br\/v1\/download\/decretos_-_2018\/2473.pdf\"><b><center><font color=#0f70b7>Clique aqui para realizar o download (formato: pdf)<\/font><\/center><\/b><\/a><br>\r\n<center><img src=\"https:\/\/www.soledadedeminas.mg.gov.br\/v1\/wp-content\/uploads\/2021\/04\/divisor_4.png\"\/><\/center>\r\n<\/td>\r\n<td bgcolor=\"#0473aa\"><center><font color=\"white\">36<\/font><\/center><\/td>\r\n<\/tr><tr>\r\n<td bgcolor=\"#ffffff\">\r\n<br>\r\n<center><u><b><font color=black><a href=\"https:\/\/www.soledadedeminas.mg.gov.br\/v1\/download\/decretos_-_2018\/2472.pdf\">2472\/2018<\/font><\/a><\/center><\/u><\/b>\r\n<br>\r\n<font color=black><b>Descri\u00e7\u00e3o:<\/b><br> Cr\u00e9dito Adicional Suplementar<\/font><br><br>\r\n<font color=black><b>Downloads:<\/b>  242<\/font><br>\r\n<font color=black><b>Tamanho:<\/b>  271 KiB<\/font><br>\r\n<font color=black><b>Data da Publica\u00e7\u00e3o:<\/b> 30\/04\/2021<\/font><br>\r\n<a href=\"https:\/\/www.soledadedeminas.mg.gov.br\/v1\/download\/decretos_-_2018\/2472.pdf\"><b><center><font color=#0f70b7>Clique aqui para realizar o download (formato: pdf)<\/font><\/center><\/b><\/a><br>\r\n<center><img src=\"https:\/\/www.soledadedeminas.mg.gov.br\/v1\/wp-content\/uploads\/2021\/04\/divisor_4.png\"\/><\/center>\r\n<\/td>\r\n<td bgcolor=\"#0473aa\"><center><font color=\"white\">35<\/font><\/center><\/td>\r\n<\/tr><tr>\r\n<td bgcolor=\"#ffffff\">\r\n<br>\r\n<center><u><b><font color=black><a href=\"https:\/\/www.soledadedeminas.mg.gov.br\/v1\/download\/decretos_-_2018\/2471.pdf\">2471\/2018<\/font><\/a><\/center><\/u><\/b>\r\n<br>\r\n<font color=black><b>Descri\u00e7\u00e3o:<\/b><br> Altera\u00e7\u00e3o de Hor\u00e1rios<\/font><br><br>\r\n<font color=black><b>Downloads:<\/b>  226<\/font><br>\r\n<font color=black><b>Tamanho:<\/b>  203 KiB<\/font><br>\r\n<font color=black><b>Data da Publica\u00e7\u00e3o:<\/b> 30\/04\/2021<\/font><br>\r\n<a href=\"https:\/\/www.soledadedeminas.mg.gov.br\/v1\/download\/decretos_-_2018\/2471.pdf\"><b><center><font color=#0f70b7>Clique aqui para realizar o download (formato: pdf)<\/font><\/center><\/b><\/a><br>\r\n<center><img src=\"https:\/\/www.soledadedeminas.mg.gov.br\/v1\/wp-content\/uploads\/2021\/04\/divisor_4.png\"\/><\/center>\r\n<\/td>\r\n<td bgcolor=\"#0473aa\"><center><font color=\"white\">34<\/font><\/center><\/td>\r\n<\/tr><tr>\r\n<td bgcolor=\"#ffffff\">\r\n<br>\r\n<center><u><b><font color=black><a href=\"https:\/\/www.soledadedeminas.mg.gov.br\/v1\/download\/decretos_-_2018\/2467.pdf\">2467\/2018<\/font><\/a><\/center><\/u><\/b>\r\n<br>\r\n<font color=black><b>Descri\u00e7\u00e3o:<\/b><br> Cr\u00e9dito Adicional Suplementar<\/font><br><br>\r\n<font color=black><b>Downloads:<\/b>  161<\/font><br>\r\n<font color=black><b>Tamanho:<\/b>  194 KiB<\/font><br>\r\n<font color=black><b>Data da Publica\u00e7\u00e3o:<\/b> 30\/04\/2021<\/font><br>\r\n<a href=\"https:\/\/www.soledadedeminas.mg.gov.br\/v1\/download\/decretos_-_2018\/2467.pdf\"><b><center><font color=#0f70b7>Clique aqui para realizar o download (formato: pdf)<\/font><\/center><\/b><\/a><br>\r\n<center><img src=\"https:\/\/www.soledadedeminas.mg.gov.br\/v1\/wp-content\/uploads\/2021\/04\/divisor_4.png\"\/><\/center>\r\n<\/td>\r\n<td bgcolor=\"#0473aa\"><center><font color=\"white\">33<\/font><\/center><\/td>\r\n<\/tr><tr>\r\n<td bgcolor=\"#ffffff\">\r\n<br>\r\n<center><u><b><font color=black><a href=\"https:\/\/www.soledadedeminas.mg.gov.br\/v1\/download\/decretos_-_2018\/2466-1.pdf\">2466\/2018<\/font><\/a><\/center><\/u><\/b>\r\n<br>\r\n<font color=black><b>Descri\u00e7\u00e3o:<\/b><br> Cr\u00e9dito Adicional Suplementar<\/font><br><br>\r\n<font color=black><b>Downloads:<\/b>  247<\/font><br>\r\n<font color=black><b>Tamanho:<\/b>  214 KiB<\/font><br>\r\n<font color=black><b>Data da Publica\u00e7\u00e3o:<\/b> 30\/04\/2021<\/font><br>\r\n<a href=\"https:\/\/www.soledadedeminas.mg.gov.br\/v1\/download\/decretos_-_2018\/2466-1.pdf\"><b><center><font color=#0f70b7>Clique aqui para realizar o download (formato: pdf)<\/font><\/center><\/b><\/a><br>\r\n<center><img src=\"https:\/\/www.soledadedeminas.mg.gov.br\/v1\/wp-content\/uploads\/2021\/04\/divisor_4.png\"\/><\/center>\r\n<\/td>\r\n<td bgcolor=\"#0473aa\"><center><font color=\"white\">32<\/font><\/center><\/td>\r\n<\/tr><tr>\r\n<td bgcolor=\"#ffffff\">\r\n<br>\r\n<center><u><b><font color=black><a href=\"https:\/\/www.soledadedeminas.mg.gov.br\/v1\/download\/decretos_-_2018\/2465.pdf\">2465\/2018<\/font><\/a><\/center><\/u><\/b>\r\n<br>\r\n<font color=black><b>Descri\u00e7\u00e3o:<\/b><br> Cr\u00e9dito Adicional Suplementar<\/font><br><br>\r\n<font color=black><b>Downloads:<\/b>  212<\/font><br>\r\n<font color=black><b>Tamanho:<\/b>  202 KiB<\/font><br>\r\n<font color=black><b>Data da Publica\u00e7\u00e3o:<\/b> 30\/04\/2021<\/font><br>\r\n<a href=\"https:\/\/www.soledadedeminas.mg.gov.br\/v1\/download\/decretos_-_2018\/2465.pdf\"><b><center><font color=#0f70b7>Clique aqui para realizar o download (formato: pdf)<\/font><\/center><\/b><\/a><br>\r\n<center><img src=\"https:\/\/www.soledadedeminas.mg.gov.br\/v1\/wp-content\/uploads\/2021\/04\/divisor_4.png\"\/><\/center>\r\n<\/td>\r\n<td bgcolor=\"#0473aa\"><center><font color=\"white\">31<\/font><\/center><\/td>\r\n<\/tr><tr>\r\n<td bgcolor=\"#ffffff\">\r\n<br>\r\n<center><u><b><font color=black><a href=\"https:\/\/www.soledadedeminas.mg.gov.br\/v1\/download\/decretos_-_2018\/2461.pdf\">2461\/2018<\/font><\/a><\/center><\/u><\/b>\r\n<br>\r\n<font color=black><b>Descri\u00e7\u00e3o:<\/b><br> Cr\u00e9dito Adicional Suplementar<\/font><br><br>\r\n<font color=black><b>Downloads:<\/b>  191<\/font><br>\r\n<font color=black><b>Tamanho:<\/b>  1.0 MiB<\/font><br>\r\n<font color=black><b>Data da Publica\u00e7\u00e3o:<\/b> 30\/04\/2021<\/font><br>\r\n<a href=\"https:\/\/www.soledadedeminas.mg.gov.br\/v1\/download\/decretos_-_2018\/2461.pdf\"><b><center><font color=#0f70b7>Clique aqui para realizar o download (formato: pdf)<\/font><\/center><\/b><\/a><br>\r\n<center><img src=\"https:\/\/www.soledadedeminas.mg.gov.br\/v1\/wp-content\/uploads\/2021\/04\/divisor_4.png\"\/><\/center>\r\n<\/td>\r\n<td bgcolor=\"#0473aa\"><center><font color=\"white\">30<\/font><\/center><\/td>\r\n<\/tr><tr>\r\n<td bgcolor=\"#ffffff\">\r\n<br>\r\n<center><u><b><font color=black><a href=\"https:\/\/www.soledadedeminas.mg.gov.br\/v1\/download\/decretos_-_2018\/2458.pdf\">2458\/2018<\/font><\/a><\/center><\/u><\/b>\r\n<br>\r\n<font color=black><b>Descri\u00e7\u00e3o:<\/b><br> Cr\u00e9dito Adicional Suplementar<\/font><br><br>\r\n<font color=black><b>Downloads:<\/b>  174<\/font><br>\r\n<font color=black><b>Tamanho:<\/b>  215 KiB<\/font><br>\r\n<font color=black><b>Data da Publica\u00e7\u00e3o:<\/b> 30\/04\/2021<\/font><br>\r\n<a href=\"https:\/\/www.soledadedeminas.mg.gov.br\/v1\/download\/decretos_-_2018\/2458.pdf\"><b><center><font color=#0f70b7>Clique aqui para realizar o download (formato: pdf)<\/font><\/center><\/b><\/a><br>\r\n<center><img src=\"https:\/\/www.soledadedeminas.mg.gov.br\/v1\/wp-content\/uploads\/2021\/04\/divisor_4.png\"\/><\/center>\r\n<\/td>\r\n<td bgcolor=\"#0473aa\"><center><font color=\"white\">29<\/font><\/center><\/td>\r\n<\/tr><tr>\r\n<td bgcolor=\"#ffffff\">\r\n<br>\r\n<center><u><b><font color=black><a href=\"https:\/\/www.soledadedeminas.mg.gov.br\/v1\/download\/decretos_-_2018\/2456.pdf\">2456\/2018<\/font><\/a><\/center><\/u><\/b>\r\n<br>\r\n<font color=black><b>Descri\u00e7\u00e3o:<\/b><br> Cr\u00e9dito Adicional Suplementar<\/font><br><br>\r\n<font color=black><b>Downloads:<\/b>  236<\/font><br>\r\n<font color=black><b>Tamanho:<\/b>  315 KiB<\/font><br>\r\n<font color=black><b>Data da Publica\u00e7\u00e3o:<\/b> 30\/04\/2021<\/font><br>\r\n<a href=\"https:\/\/www.soledadedeminas.mg.gov.br\/v1\/download\/decretos_-_2018\/2456.pdf\"><b><center><font color=#0f70b7>Clique aqui para realizar o download (formato: pdf)<\/font><\/center><\/b><\/a><br>\r\n<center><img src=\"https:\/\/www.soledadedeminas.mg.gov.br\/v1\/wp-content\/uploads\/2021\/04\/divisor_4.png\"\/><\/center>\r\n<\/td>\r\n<td bgcolor=\"#0473aa\"><center><font color=\"white\">28<\/font><\/center><\/td>\r\n<\/tr><tr>\r\n<td bgcolor=\"#ffffff\">\r\n<br>\r\n<center><u><b><font color=black><a href=\"https:\/\/www.soledadedeminas.mg.gov.br\/v1\/download\/decretos_-_2018\/2455.pdf\">2455\/2018<\/font><\/a><\/center><\/u><\/b>\r\n<br>\r\n<font color=black><b>Descri\u00e7\u00e3o:<\/b><br> Cr\u00e9dito Adicional Suplementar<\/font><br><br>\r\n<font color=black><b>Downloads:<\/b>  172<\/font><br>\r\n<font color=black><b>Tamanho:<\/b>  786 KiB<\/font><br>\r\n<font color=black><b>Data da Publica\u00e7\u00e3o:<\/b> 30\/04\/2021<\/font><br>\r\n<a href=\"https:\/\/www.soledadedeminas.mg.gov.br\/v1\/download\/decretos_-_2018\/2455.pdf\"><b><center><font color=#0f70b7>Clique aqui para realizar o download (formato: pdf)<\/font><\/center><\/b><\/a><br>\r\n<center><img src=\"https:\/\/www.soledadedeminas.mg.gov.br\/v1\/wp-content\/uploads\/2021\/04\/divisor_4.png\"\/><\/center>\r\n<\/td>\r\n<td bgcolor=\"#0473aa\"><center><font color=\"white\">27<\/font><\/center><\/td>\r\n<\/tr><tr>\r\n<td bgcolor=\"#ffffff\">\r\n<br>\r\n<center><u><b><font color=black><a href=\"https:\/\/www.soledadedeminas.mg.gov.br\/v1\/download\/decretos_-_2018\/2453.pdf\">2453\/2018<\/font><\/a><\/center><\/u><\/b>\r\n<br>\r\n<font color=black><b>Descri\u00e7\u00e3o:<\/b><br> Cr\u00e9dito Adicional Suplementar<\/font><br><br>\r\n<font color=black><b>Downloads:<\/b>  188<\/font><br>\r\n<font color=black><b>Tamanho:<\/b>  482 KiB<\/font><br>\r\n<font color=black><b>Data da Publica\u00e7\u00e3o:<\/b> 30\/04\/2021<\/font><br>\r\n<a href=\"https:\/\/www.soledadedeminas.mg.gov.br\/v1\/download\/decretos_-_2018\/2453.pdf\"><b><center><font color=#0f70b7>Clique aqui para realizar o download (formato: pdf)<\/font><\/center><\/b><\/a><br>\r\n<center><img src=\"https:\/\/www.soledadedeminas.mg.gov.br\/v1\/wp-content\/uploads\/2021\/04\/divisor_4.png\"\/><\/center>\r\n<\/td>\r\n<td bgcolor=\"#0473aa\"><center><font color=\"white\">26<\/font><\/center><\/td>\r\n<\/tr><tr>\r\n<td bgcolor=\"#ffffff\">\r\n<br>\r\n<center><u><b><font color=black><a href=\"https:\/\/www.soledadedeminas.mg.gov.br\/v1\/download\/decretos_-_2018\/2451.pdf\">2451\/2018<\/font><\/a><\/center><\/u><\/b>\r\n<br>\r\n<font color=black><b>Descri\u00e7\u00e3o:<\/b><br> Cr\u00e9dito Adicional Suplementar<\/font><br><br>\r\n<font color=black><b>Downloads:<\/b>  183<\/font><br>\r\n<font color=black><b>Tamanho:<\/b>  254 KiB<\/font><br>\r\n<font color=black><b>Data da Publica\u00e7\u00e3o:<\/b> 30\/04\/2021<\/font><br>\r\n<a href=\"https:\/\/www.soledadedeminas.mg.gov.br\/v1\/download\/decretos_-_2018\/2451.pdf\"><b><center><font color=#0f70b7>Clique aqui para realizar o download (formato: pdf)<\/font><\/center><\/b><\/a><br>\r\n<center><img src=\"https:\/\/www.soledadedeminas.mg.gov.br\/v1\/wp-content\/uploads\/2021\/04\/divisor_4.png\"\/><\/center>\r\n<\/td>\r\n<td bgcolor=\"#0473aa\"><center><font color=\"white\">25<\/font><\/center><\/td>\r\n<\/tr><tr>\r\n<td bgcolor=\"#ffffff\">\r\n<br>\r\n<center><u><b><font color=black><a href=\"https:\/\/www.soledadedeminas.mg.gov.br\/v1\/download\/decretos_-_2018\/2450.pdf\">2450\/2018<\/font><\/a><\/center><\/u><\/b>\r\n<br>\r\n<font color=black><b>Descri\u00e7\u00e3o:<\/b><br> Cr\u00e9dito Adicional Suplementar<\/font><br><br>\r\n<font color=black><b>Downloads:<\/b>  161<\/font><br>\r\n<font color=black><b>Tamanho:<\/b>  66 KiB<\/font><br>\r\n<font color=black><b>Data da Publica\u00e7\u00e3o:<\/b> 30\/04\/2021<\/font><br>\r\n<a href=\"https:\/\/www.soledadedeminas.mg.gov.br\/v1\/download\/decretos_-_2018\/2450.pdf\"><b><center><font color=#0f70b7>Clique aqui para realizar o download (formato: pdf)<\/font><\/center><\/b><\/a><br>\r\n<center><img src=\"https:\/\/www.soledadedeminas.mg.gov.br\/v1\/wp-content\/uploads\/2021\/04\/divisor_4.png\"\/><\/center>\r\n<\/td>\r\n<td bgcolor=\"#0473aa\"><center><font color=\"white\">24<\/font><\/center><\/td>\r\n<\/tr><tr>\r\n<td bgcolor=\"#ffffff\">\r\n<br>\r\n<center><u><b><font color=black><a href=\"https:\/\/www.soledadedeminas.mg.gov.br\/v1\/download\/decretos_-_2018\/2449.pdf\">2449\/2018<\/font><\/a><\/center><\/u><\/b>\r\n<br>\r\n<font color=black><b>Descri\u00e7\u00e3o:<\/b><br> Cr\u00e9dito Adicional Suplementar<\/font><br><br>\r\n<font color=black><b>Downloads:<\/b>  203<\/font><br>\r\n<font color=black><b>Tamanho:<\/b>  66 KiB<\/font><br>\r\n<font color=black><b>Data da Publica\u00e7\u00e3o:<\/b> 30\/04\/2021<\/font><br>\r\n<a href=\"https:\/\/www.soledadedeminas.mg.gov.br\/v1\/download\/decretos_-_2018\/2449.pdf\"><b><center><font color=#0f70b7>Clique aqui para realizar o download (formato: pdf)<\/font><\/center><\/b><\/a><br>\r\n<center><img src=\"https:\/\/www.soledadedeminas.mg.gov.br\/v1\/wp-content\/uploads\/2021\/04\/divisor_4.png\"\/><\/center>\r\n<\/td>\r\n<td bgcolor=\"#0473aa\"><center><font color=\"white\">23<\/font><\/center><\/td>\r\n<\/tr><tr>\r\n<td bgcolor=\"#ffffff\">\r\n<br>\r\n<center><u><b><font color=black><a href=\"https:\/\/www.soledadedeminas.mg.gov.br\/v1\/download\/decretos_-_2018\/2448.pdf\">2448\/2018<\/font><\/a><\/center><\/u><\/b>\r\n<br>\r\n<font color=black><b>Descri\u00e7\u00e3o:<\/b><br> Cr\u00e9dito Adicional Suplementar<\/font><br><br>\r\n<font color=black><b>Downloads:<\/b>  233<\/font><br>\r\n<font color=black><b>Tamanho:<\/b>  126 KiB<\/font><br>\r\n<font color=black><b>Data da Publica\u00e7\u00e3o:<\/b> 30\/04\/2021<\/font><br>\r\n<a href=\"https:\/\/www.soledadedeminas.mg.gov.br\/v1\/download\/decretos_-_2018\/2448.pdf\"><b><center><font color=#0f70b7>Clique aqui para realizar o download (formato: pdf)<\/font><\/center><\/b><\/a><br>\r\n<center><img src=\"https:\/\/www.soledadedeminas.mg.gov.br\/v1\/wp-content\/uploads\/2021\/04\/divisor_4.png\"\/><\/center>\r\n<\/td>\r\n<td bgcolor=\"#0473aa\"><center><font color=\"white\">22<\/font><\/center><\/td>\r\n<\/tr><tr>\r\n<td bgcolor=\"#ffffff\">\r\n<br>\r\n<center><u><b><font color=black><a href=\"https:\/\/www.soledadedeminas.mg.gov.br\/v1\/download\/decretos_-_2018\/2312.pdf\">2312\/2018<\/font><\/a><\/center><\/u><\/b>\r\n<br>\r\n<font color=black><b>Descri\u00e7\u00e3o:<\/b><br> Cr\u00e9dito Adicional Suplementar<\/font><br><br>\r\n<font color=black><b>Downloads:<\/b>  205<\/font><br>\r\n<font color=black><b>Tamanho:<\/b>  1.1 MiB<\/font><br>\r\n<font color=black><b>Data da Publica\u00e7\u00e3o:<\/b> 30\/04\/2021<\/font><br>\r\n<a href=\"https:\/\/www.soledadedeminas.mg.gov.br\/v1\/download\/decretos_-_2018\/2312.pdf\"><b><center><font color=#0f70b7>Clique aqui para realizar o download (formato: pdf)<\/font><\/center><\/b><\/a><br>\r\n<center><img src=\"https:\/\/www.soledadedeminas.mg.gov.br\/v1\/wp-content\/uploads\/2021\/04\/divisor_4.png\"\/><\/center>\r\n<\/td>\r\n<td bgcolor=\"#0473aa\"><center><font color=\"white\">21<\/font><\/center><\/td>\r\n<\/tr><tr>\r\n<td bgcolor=\"#ffffff\">\r\n<br>\r\n<center><u><b><font color=black><a href=\"https:\/\/www.soledadedeminas.mg.gov.br\/v1\/download\/decretos_-_2018\/2310.pdf\">2310\/2018<\/font><\/a><\/center><\/u><\/b>\r\n<br>\r\n<font color=black><b>Descri\u00e7\u00e3o:<\/b><br> Designa\u00e7\u00e3o de Pessoal<\/font><br><br>\r\n<font color=black><b>Downloads:<\/b>  255<\/font><br>\r\n<font color=black><b>Tamanho:<\/b>  1.6 MiB<\/font><br>\r\n<font color=black><b>Data da Publica\u00e7\u00e3o:<\/b> 30\/04\/2021<\/font><br>\r\n<a href=\"https:\/\/www.soledadedeminas.mg.gov.br\/v1\/download\/decretos_-_2018\/2310.pdf\"><b><center><font color=#0f70b7>Clique aqui para realizar o download (formato: pdf)<\/font><\/center><\/b><\/a><br>\r\n<center><img src=\"https:\/\/www.soledadedeminas.mg.gov.br\/v1\/wp-content\/uploads\/2021\/04\/divisor_4.png\"\/><\/center>\r\n<\/td>\r\n<td bgcolor=\"#0473aa\"><center><font color=\"white\">20<\/font><\/center><\/td>\r\n<\/tr><\/tbody>\r\n<\/table>\r\n<script type=\"text\/javascript\" charset=\"utf-8\">\r\n\tjQuery(document).ready(function() {\r\n\t\tjQuery('#wpfb-data-table-69f383c69c291').dataTable((function(options){ var wpfbOptions = {\"aaSorting\":[[1,\"desc\"]]};  if('object' == typeof(options)) { for (var v in options) { wpfbOptions[v] = options[v]; } } return wpfbOptions; })());\r\n\t} );\r\n<\/script>\n<\/div><\/div><\/div><\/div><style type=\"text\/css\">.fusion-body .fusion-builder-column-0{width:100% !important;margin-top : 0px;margin-bottom : 20px;}.fusion-builder-column-0 > .fusion-column-wrapper {padding-top : 0px !important;padding-right : 0px !important;margin-right : 1.92%;padding-bottom : 0px !important;padding-left : 0px !important;margin-left : 1.92%;}@media only screen and (max-width:1024px) {.fusion-body .fusion-builder-column-0{width:100% !important;order : 0;}.fusion-builder-column-0 > .fusion-column-wrapper {margin-right : 1.92%;margin-left : 1.92%;}}@media only screen and (max-width:640px) {.fusion-body .fusion-builder-column-0{width:100% !important;order : 0;}.fusion-builder-column-0 > .fusion-column-wrapper {margin-right : 1.92%;margin-left : 1.92%;}}<\/style><\/div><\/div><style type=\"text\/css\">.fusion-body .fusion-flex-container.fusion-builder-row-1{ padding-top : 0px;margin-top : 0px;padding-right : 0px;padding-bottom : 0px;margin-bottom : 0px;padding-left : 0px;}<\/style><\/div>\n","protected":false},"excerpt":{"rendered":"","protected":false},"author":1,"featured_media":0,"parent":0,"menu_order":0,"comment_status":"closed","ping_status":"closed","template":"","meta":[],"_links":{"self":[{"href":"https:\/\/www.soledadedeminas.mg.gov.br\/v1\/wp-json\/wp\/v2\/pages\/897"}],"collection":[{"href":"https:\/\/www.soledadedeminas.mg.gov.br\/v1\/wp-json\/wp\/v2\/pages"}],"about":[{"href":"https:\/\/www.soledadedeminas.mg.gov.br\/v1\/wp-json\/wp\/v2\/types\/page"}],"author":[{"embeddable":true,"href":"https:\/\/www.soledadedeminas.mg.gov.br\/v1\/wp-json\/wp\/v2\/users\/1"}],"replies":[{"embeddable":true,"href":"https:\/\/www.soledadedeminas.mg.gov.br\/v1\/wp-json\/wp\/v2\/comments?post=897"}],"version-history":[{"count":11,"href":"https:\/\/www.soledadedeminas.mg.gov.br\/v1\/wp-json\/wp\/v2\/pages\/897\/revisions"}],"predecessor-version":[{"id":1665,"href":"https:\/\/www.soledadedeminas.mg.gov.br\/v1\/wp-json\/wp\/v2\/pages\/897\/revisions\/1665"}],"wp:attachment":[{"href":"https:\/\/www.soledadedeminas.mg.gov.br\/v1\/wp-json\/wp\/v2\/media?parent=897"}],"curies":[{"name":"wp","href":"https:\/\/api.w.org\/{rel}","templated":true}]}}