{"id":1646,"date":"2025-12-09T21:41:31","date_gmt":"2025-12-09T21:41:31","guid":{"rendered":"https:\/\/www.soledadedeminas.mg.gov.br\/v1\/?page_id=1646"},"modified":"2025-12-09T21:42:55","modified_gmt":"2025-12-09T21:42:55","slug":"resolucoes","status":"publish","type":"page","link":"https:\/\/www.soledadedeminas.mg.gov.br\/v1\/resolucoes\/","title":{"rendered":"Resolu\u00e7\u00f5es"},"content":{"rendered":"<script type='text\/javascript' src='https:\/\/www.soledadedeminas.mg.gov.br\/v1\/wp-includes\/js\/jquery\/jquery.js?ver=1.12.4-wp' id='jquery-core-js'><\/script>\n<script type='text\/javascript' src='https:\/\/www.soledadedeminas.mg.gov.br\/v1\/wp-content\/plugins\/WP-Filebase-master\/extras\/jquery\/dataTables\/datatables.min.js?ver=0.3.4.24' id='jquery-dataTables-js'><\/script>\n\r\n<link rel='stylesheet' id='jquery-dataTables-css'  href='https:\/\/www.soledadedeminas.mg.gov.br\/v1\/wp-content\/plugins\/WP-Filebase-master\/extras\/jquery\/dataTables\/datatables.min.css?ver=0.3.4.24' type='text\/css' media='all' \/>\n\r\n<table id=\"wpfb-data-table-69f0a5fb09147\">\r\n<thead>\r\n\t<tr><th scope=\"col\">DOCUMENTOS PUBLICADOS<\/th><th scope=\"col\">ID<\/th><\/tr>\r\n<\/thead>\r\n<tbody><tr>\r\n<td bgcolor=\"#ffffff\">\r\n<br>\r\n<center><u><b><font color=black><a href=\"https:\/\/www.soledadedeminas.mg.gov.br\/v1\/download\/resolucoes_-_2025\/Resolucao-03-2026-Aprovacao-PPA2.pdf\">Resolu\u00e7\u00e3o N\u00ba 03\/2026<\/font><\/a><\/center><\/u><\/b>\r\n<br>\r\n<font color=black><b>Descri\u00e7\u00e3o:<\/b><br> <p style=\"text-align: justify;\">Disp\u00f5e sobre a publicidade da Aprova\u00e7\u00e3o Programa Anual de Sa\u00fade do exerc\u00edcio de 2026 e do quadro do Plano Municipal de Sa\u00fade para o quadri\u00eanio 2026\/2029 na reuni\u00e3o extraordin\u00e1ria do Conselho Municipal de Sa\u00fade de Soledade de Minas realizada em 27 de fevereiro de 2026, e d\u00e1 outras provid\u00eancias.<\/p><\/font><br><br>\r\n<font color=black><b>Downloads:<\/b>  12<\/font><br>\r\n<font color=black><b>Tamanho:<\/b>  404 KiB<\/font><br>\r\n<font color=black><b>Data da Publica\u00e7\u00e3o:<\/b> 18\/03\/2026<\/font><br>\r\n<a href=\"https:\/\/www.soledadedeminas.mg.gov.br\/v1\/download\/resolucoes_-_2025\/Resolucao-03-2026-Aprovacao-PPA2.pdf\"><b><center><font color=#0f70b7>Clique aqui para realizar o download (formato: pdf)<\/font><\/center><\/b><\/a><br>\r\n<center><img src=\"https:\/\/www.soledadedeminas.mg.gov.br\/v1\/wp-content\/uploads\/2021\/04\/divisor_4.png\"\/><\/center>\r\n<\/td>\r\n<td bgcolor=\"#0473aa\"><center><font color=\"white\">542<\/font><\/center><\/td>\r\n<\/tr><tr>\r\n<td bgcolor=\"#ffffff\">\r\n<br>\r\n<center><u><b><font color=black><a href=\"https:\/\/www.soledadedeminas.mg.gov.br\/v1\/download\/resolucoes_-_2025\/conselho-municipal-20260300.PDF\">Resolu\u00e7\u00e3o N\u00ba 01\/2026<\/font><\/a><\/center><\/u><\/b>\r\n<br>\r\n<font color=black><b>Descri\u00e7\u00e3o:<\/b><br> <p style=\"text-align: justify;\"><span style=\"font-weight: 400;\">Define a data para realiza\u00e7\u00e3o da elei\u00e7\u00e3o dos novos membros do Conselho Municipal de Sa\u00fade de Soledade de Minas, representantes do segmento de Trabalhadores da Sa\u00fade e Prestadores de Servi\u00e7os na \u00e1rea da Sa\u00fade.<\/span><\/p><\/font><br><br>\r\n<font color=black><b>Downloads:<\/b>  29<\/font><br>\r\n<font color=black><b>Tamanho:<\/b>  704 KiB<\/font><br>\r\n<font color=black><b>Data da Publica\u00e7\u00e3o:<\/b> 12\/01\/2026<\/font><br>\r\n<a href=\"https:\/\/www.soledadedeminas.mg.gov.br\/v1\/download\/resolucoes_-_2025\/conselho-municipal-20260300.PDF\"><b><center><font color=#0f70b7>Clique aqui para realizar o download (formato: pdf)<\/font><\/center><\/b><\/a><br>\r\n<center><img src=\"https:\/\/www.soledadedeminas.mg.gov.br\/v1\/wp-content\/uploads\/2021\/04\/divisor_4.png\"\/><\/center>\r\n<\/td>\r\n<td bgcolor=\"#0473aa\"><center><font color=\"white\">494<\/font><\/center><\/td>\r\n<\/tr><tr>\r\n<td bgcolor=\"#ffffff\">\r\n<br>\r\n<center><u><b><font color=black><a href=\"https:\/\/www.soledadedeminas.mg.gov.br\/v1\/download\/resolucoes_-_2025\/SCAN0080.PDF\">Resolu\u00e7\u00e3o N\u00ba 01\/2025<\/font><\/a><\/center><\/u><\/b>\r\n<br>\r\n<font color=black><b>Descri\u00e7\u00e3o:<\/b><br> Aprova o Regimento Interno do Conselho Municipal de Sa\u00fade de Soledade de Minas e d\u00e1 outras provid\u00eancias.<\/font><br><br>\r\n<font color=black><b>Downloads:<\/b>  39<\/font><br>\r\n<font color=black><b>Tamanho:<\/b>  714 KiB<\/font><br>\r\n<font color=black><b>Data da Publica\u00e7\u00e3o:<\/b> 09\/12\/2025<\/font><br>\r\n<a href=\"https:\/\/www.soledadedeminas.mg.gov.br\/v1\/download\/resolucoes_-_2025\/SCAN0080.PDF\"><b><center><font color=#0f70b7>Clique aqui para realizar o download (formato: pdf)<\/font><\/center><\/b><\/a><br>\r\n<center><img src=\"https:\/\/www.soledadedeminas.mg.gov.br\/v1\/wp-content\/uploads\/2021\/04\/divisor_4.png\"\/><\/center>\r\n<\/td>\r\n<td bgcolor=\"#0473aa\"><center><font color=\"white\">485<\/font><\/center><\/td>\r\n<\/tr><\/tbody>\r\n<\/table>\r\n<script type=\"text\/javascript\" charset=\"utf-8\">\r\n\tjQuery(document).ready(function() {\r\n\t\tjQuery('#wpfb-data-table-69f0a5fb09147').dataTable((function(options){ var wpfbOptions = {\"aaSorting\":[[1,\"desc\"]]};  if('object' == typeof(options)) { for (var v in options) { wpfbOptions[v] = options[v]; } } return wpfbOptions; })());\r\n\t} );\r\n<\/script>\n","protected":false},"excerpt":{"rendered":"","protected":false},"author":1,"featured_media":0,"parent":0,"menu_order":0,"comment_status":"closed","ping_status":"closed","template":"","meta":[],"_links":{"self":[{"href":"https:\/\/www.soledadedeminas.mg.gov.br\/v1\/wp-json\/wp\/v2\/pages\/1646"}],"collection":[{"href":"https:\/\/www.soledadedeminas.mg.gov.br\/v1\/wp-json\/wp\/v2\/pages"}],"about":[{"href":"https:\/\/www.soledadedeminas.mg.gov.br\/v1\/wp-json\/wp\/v2\/types\/page"}],"author":[{"embeddable":true,"href":"https:\/\/www.soledadedeminas.mg.gov.br\/v1\/wp-json\/wp\/v2\/users\/1"}],"replies":[{"embeddable":true,"href":"https:\/\/www.soledadedeminas.mg.gov.br\/v1\/wp-json\/wp\/v2\/comments?post=1646"}],"version-history":[{"count":1,"href":"https:\/\/www.soledadedeminas.mg.gov.br\/v1\/wp-json\/wp\/v2\/pages\/1646\/revisions"}],"predecessor-version":[{"id":1647,"href":"https:\/\/www.soledadedeminas.mg.gov.br\/v1\/wp-json\/wp\/v2\/pages\/1646\/revisions\/1647"}],"wp:attachment":[{"href":"https:\/\/www.soledadedeminas.mg.gov.br\/v1\/wp-json\/wp\/v2\/media?parent=1646"}],"curies":[{"name":"wp","href":"https:\/\/api.w.org\/{rel}","templated":true}]}}